{"id":8025,"date":"2023-11-20T10:15:30","date_gmt":"2023-11-20T09:15:30","guid":{"rendered":"https:\/\/www.sanjuandelacruzubeda.com\/project\/sala-viii-reconstruccion-de-la-celda-del-santo\/"},"modified":"2023-12-21T08:34:14","modified_gmt":"2023-12-21T07:34:14","slug":"salle-viii-reconstruction-de-la-cellule-de-jean-de-la-croix","status":"publish","type":"project","link":"https:\/\/www.sanjuandelacruzubeda.com\/fr\/project\/salle-viii-reconstruction-de-la-cellule-de-jean-de-la-croix\/","title":{"rendered":"Salle VIII &#8211; Reconstruction de la cellule de Jean de la Croix"},"content":{"rendered":"<p>[et_pb_section fb_built=\u00a0\u00bb1&Prime; _builder_version=\u00a0\u00bb4.23.1&Prime; _module_preset=\u00a0\u00bbdefault\u00a0\u00bb custom_margin=\u00a0\u00bb0px||0px||false|false\u00a0\u00bb custom_padding=\u00a0\u00bb0px||0px||false|false\u00a0\u00bb global_colors_info=\u00a0\u00bb{}\u00a0\u00bb][et_pb_row _builder_version=\u00a0\u00bb4.23.1&Prime; _module_preset=\u00a0\u00bbdefault\u00a0\u00bb width=\u00a0\u00bb100%\u00a0\u00bb module_alignment=\u00a0\u00bbcenter\u00a0\u00bb custom_margin=\u00a0\u00bb0px||0px||false|false\u00a0\u00bb custom_padding=\u00a0\u00bb0px||0px||false|false\u00a0\u00bb global_colors_info=\u00a0\u00bb{}\u00a0\u00bb][et_pb_column type=\u00a0\u00bb4_4&Prime; _builder_version=\u00a0\u00bb4.23&Prime; _module_preset=\u00a0\u00bbdefault\u00a0\u00bb global_colors_info=\u00a0\u00bb{}\u00a0\u00bb][et_pb_gallery gallery_ids=\u00a0\u00bb6880,6881,6882&Prime; fullwidth=\u00a0\u00bbon\u00a0\u00bb _builder_version=\u00a0\u00bb4.23.1&Prime; _module_preset=\u00a0\u00bbdefault\u00a0\u00bb auto=\u00a0\u00bbon\u00a0\u00bb auto_speed=\u00a0\u00bb3500&Prime; locked=\u00a0\u00bboff\u00a0\u00bb global_colors_info=\u00a0\u00bb{}\u00a0\u00bb][\/et_pb_gallery][et_pb_text admin_label=\u00a0\u00bbTEXTO &#8211; DESCRIPCION\u00a0\u00bb _builder_version=\u00a0\u00bb4.23.1&Prime; _module_preset=\u00a0\u00bbdefault\u00a0\u00bb text_orientation=\u00a0\u00bbjustified\u00a0\u00bb global_colors_info=\u00a0\u00bb{}\u00a0\u00bb]<\/p>\n<p>Dans cet espace se trouve une reconstitution de la cellule o\u00f9 le saint habitait. Auparavant, une partie du mobilier \u00e9tait utilis\u00e9e par un fr\u00e8re carm\u00e9lite de la commune de Beas de Segura (Ja\u00e9n).<\/p>\n<p>[\/et_pb_text][\/et_pb_column][\/et_pb_row][\/et_pb_section]<\/p>\n","protected":false},"excerpt":{"rendered":"<p>Dans cet espace se trouve une reconstitution de la cellule o\u00f9 le saint habitait. Auparavant, une partie du mobilier \u00e9tait utilis\u00e9e par un fr\u00e8re carm\u00e9lite de la commune de Beas de Segura (Ja\u00e9n).<\/p>\n","protected":false},"author":1,"featured_media":7783,"comment_status":"open","ping_status":"closed","template":"","meta":{"_acf_changed":false,"_et_pb_use_builder":"on","_et_pb_old_content":"","_et_gb_content_width":"","footnotes":""},"project_category":[53],"project_tag":[],"class_list":["post-8025","project","type-project","status-publish","has-post-thumbnail","hentry","project_category-salas-fr"],"acf":[],"yoast_head":"<!-- This site is optimized with the Yoast SEO plugin v27.5 - https:\/\/yoast.com\/product\/yoast-seo-wordpress\/ -->\n<title>Salle VIII - Reconstruction de la cellule de Jean de la Croix - Museo, Casa de espiritualidad y toda la informaci\u00f3n y escritos de - San Juan de la Cruz. \u00dabeda.<\/title>\n<meta name=\"robots\" content=\"index, follow, max-snippet:-1, max-image-preview:large, max-video-preview:-1\" \/>\n<link rel=\"canonical\" href=\"https:\/\/www.sanjuandelacruzubeda.com\/fr\/project\/salle-viii-reconstruction-de-la-cellule-de-jean-de-la-croix\/\" \/>\n<meta property=\"og:locale\" content=\"fr_FR\" \/>\n<meta property=\"og:type\" content=\"article\" \/>\n<meta property=\"og:title\" content=\"Salle VIII - Reconstruction de la cellule de Jean de la Croix - Museo, Casa de espiritualidad y toda la informaci\u00f3n y escritos de - San Juan de la Cruz. \u00dabeda.\" \/>\n<meta property=\"og:description\" content=\"Dans cet espace se trouve une reconstitution de la cellule o\u00f9 le saint habitait. Auparavant, une partie du mobilier \u00e9tait utilis\u00e9e par un fr\u00e8re carm\u00e9lite de la commune de Beas de Segura (Ja\u00e9n).\" \/>\n<meta property=\"og:url\" content=\"https:\/\/www.sanjuandelacruzubeda.com\/fr\/project\/salle-viii-reconstruction-de-la-cellule-de-jean-de-la-croix\/\" \/>\n<meta property=\"og:site_name\" content=\"Museo, Casa de espiritualidad y toda la informaci\u00f3n y escritos de - San Juan de la Cruz. \u00dabeda.\" \/>\n<meta property=\"article:modified_time\" content=\"2023-12-21T07:34:14+00:00\" \/>\n<meta property=\"og:image\" content=\"https:\/\/www.sanjuandelacruzubeda.com\/wp-content\/uploads\/2023\/11\/01_reconstruccion.jpg\" \/>\n\t<meta property=\"og:image:width\" content=\"900\" \/>\n\t<meta property=\"og:image:height\" content=\"600\" \/>\n\t<meta property=\"og:image:type\" content=\"image\/jpeg\" \/>\n<meta name=\"twitter:card\" content=\"summary_large_image\" \/>\n<meta name=\"twitter:label1\" content=\"Dur\u00e9e de lecture estim\u00e9e\" \/>\n\t<meta name=\"twitter:data1\" content=\"2 minutes\" \/>\n<script type=\"application\/ld+json\" class=\"yoast-schema-graph\">{\"@context\":\"https:\\\/\\\/schema.org\",\"@graph\":[{\"@type\":\"WebPage\",\"@id\":\"https:\\\/\\\/www.sanjuandelacruzubeda.com\\\/fr\\\/project\\\/salle-viii-reconstruction-de-la-cellule-de-jean-de-la-croix\\\/\",\"url\":\"https:\\\/\\\/www.sanjuandelacruzubeda.com\\\/fr\\\/project\\\/salle-viii-reconstruction-de-la-cellule-de-jean-de-la-croix\\\/\",\"name\":\"Salle VIII - Reconstruction de la cellule de Jean de la Croix - Museo, Casa de espiritualidad y toda la informaci\u00f3n y escritos de - San Juan de la Cruz. \u00dabeda.\",\"isPartOf\":{\"@id\":\"https:\\\/\\\/www.sanjuandelacruzubeda.com\\\/fr\\\/#website\"},\"primaryImageOfPage\":{\"@id\":\"https:\\\/\\\/www.sanjuandelacruzubeda.com\\\/fr\\\/project\\\/salle-viii-reconstruction-de-la-cellule-de-jean-de-la-croix\\\/#primaryimage\"},\"image\":{\"@id\":\"https:\\\/\\\/www.sanjuandelacruzubeda.com\\\/fr\\\/project\\\/salle-viii-reconstruction-de-la-cellule-de-jean-de-la-croix\\\/#primaryimage\"},\"thumbnailUrl\":\"https:\\\/\\\/www.sanjuandelacruzubeda.com\\\/wp-content\\\/uploads\\\/2023\\\/11\\\/01_reconstruccion.jpg\",\"datePublished\":\"2023-11-20T09:15:30+00:00\",\"dateModified\":\"2023-12-21T07:34:14+00:00\",\"breadcrumb\":{\"@id\":\"https:\\\/\\\/www.sanjuandelacruzubeda.com\\\/fr\\\/project\\\/salle-viii-reconstruction-de-la-cellule-de-jean-de-la-croix\\\/#breadcrumb\"},\"inLanguage\":\"fr-FR\",\"potentialAction\":[{\"@type\":\"ReadAction\",\"target\":[\"https:\\\/\\\/www.sanjuandelacruzubeda.com\\\/fr\\\/project\\\/salle-viii-reconstruction-de-la-cellule-de-jean-de-la-croix\\\/\"]}]},{\"@type\":\"ImageObject\",\"inLanguage\":\"fr-FR\",\"@id\":\"https:\\\/\\\/www.sanjuandelacruzubeda.com\\\/fr\\\/project\\\/salle-viii-reconstruction-de-la-cellule-de-jean-de-la-croix\\\/#primaryimage\",\"url\":\"https:\\\/\\\/www.sanjuandelacruzubeda.com\\\/wp-content\\\/uploads\\\/2023\\\/11\\\/01_reconstruccion.jpg\",\"contentUrl\":\"https:\\\/\\\/www.sanjuandelacruzubeda.com\\\/wp-content\\\/uploads\\\/2023\\\/11\\\/01_reconstruccion.jpg\",\"width\":900,\"height\":600},{\"@type\":\"BreadcrumbList\",\"@id\":\"https:\\\/\\\/www.sanjuandelacruzubeda.com\\\/fr\\\/project\\\/salle-viii-reconstruction-de-la-cellule-de-jean-de-la-croix\\\/#breadcrumb\",\"itemListElement\":[{\"@type\":\"ListItem\",\"position\":1,\"name\":\"Inicio\",\"item\":\"https:\\\/\\\/www.sanjuandelacruzubeda.com\\\/fr\\\/\"},{\"@type\":\"ListItem\",\"position\":2,\"name\":\"Projets\",\"item\":\"https:\\\/\\\/www.sanjuandelacruzubeda.com\\\/fr\\\/project\\\/\"},{\"@type\":\"ListItem\",\"position\":3,\"name\":\"Salle VIII &#8211; Reconstruction de la cellule de Jean de la Croix\"}]},{\"@type\":\"WebSite\",\"@id\":\"https:\\\/\\\/www.sanjuandelacruzubeda.com\\\/fr\\\/#website\",\"url\":\"https:\\\/\\\/www.sanjuandelacruzubeda.com\\\/fr\\\/\",\"name\":\"Museo, Casa de espiritualidad y toda la informaci\u00f3n y escritos de - San Juan de la Cruz. \u00dabeda.\",\"description\":\"\",\"potentialAction\":[{\"@type\":\"SearchAction\",\"target\":{\"@type\":\"EntryPoint\",\"urlTemplate\":\"https:\\\/\\\/www.sanjuandelacruzubeda.com\\\/fr\\\/?s={search_term_string}\"},\"query-input\":{\"@type\":\"PropertyValueSpecification\",\"valueRequired\":true,\"valueName\":\"search_term_string\"}}],\"inLanguage\":\"fr-FR\"}]}<\/script>\n<!-- \/ Yoast SEO plugin. -->","yoast_head_json":{"title":"Salle VIII - Reconstruction de la cellule de Jean de la Croix - Museo, Casa de espiritualidad y toda la informaci\u00f3n y escritos de - San Juan de la Cruz. \u00dabeda.","robots":{"index":"index","follow":"follow","max-snippet":"max-snippet:-1","max-image-preview":"max-image-preview:large","max-video-preview":"max-video-preview:-1"},"canonical":"https:\/\/www.sanjuandelacruzubeda.com\/fr\/project\/salle-viii-reconstruction-de-la-cellule-de-jean-de-la-croix\/","og_locale":"fr_FR","og_type":"article","og_title":"Salle VIII - Reconstruction de la cellule de Jean de la Croix - Museo, Casa de espiritualidad y toda la informaci\u00f3n y escritos de - San Juan de la Cruz. \u00dabeda.","og_description":"Dans cet espace se trouve une reconstitution de la cellule o\u00f9 le saint habitait. Auparavant, une partie du mobilier \u00e9tait utilis\u00e9e par un fr\u00e8re carm\u00e9lite de la commune de Beas de Segura (Ja\u00e9n).","og_url":"https:\/\/www.sanjuandelacruzubeda.com\/fr\/project\/salle-viii-reconstruction-de-la-cellule-de-jean-de-la-croix\/","og_site_name":"Museo, Casa de espiritualidad y toda la informaci\u00f3n y escritos de - San Juan de la Cruz. \u00dabeda.","article_modified_time":"2023-12-21T07:34:14+00:00","og_image":[{"width":900,"height":600,"url":"https:\/\/www.sanjuandelacruzubeda.com\/wp-content\/uploads\/2023\/11\/01_reconstruccion.jpg","type":"image\/jpeg"}],"twitter_card":"summary_large_image","twitter_misc":{"Dur\u00e9e de lecture estim\u00e9e":"2 minutes"},"schema":{"@context":"https:\/\/schema.org","@graph":[{"@type":"WebPage","@id":"https:\/\/www.sanjuandelacruzubeda.com\/fr\/project\/salle-viii-reconstruction-de-la-cellule-de-jean-de-la-croix\/","url":"https:\/\/www.sanjuandelacruzubeda.com\/fr\/project\/salle-viii-reconstruction-de-la-cellule-de-jean-de-la-croix\/","name":"Salle VIII - Reconstruction de la cellule de Jean de la Croix - Museo, Casa de espiritualidad y toda la informaci\u00f3n y escritos de - San Juan de la Cruz. \u00dabeda.","isPartOf":{"@id":"https:\/\/www.sanjuandelacruzubeda.com\/fr\/#website"},"primaryImageOfPage":{"@id":"https:\/\/www.sanjuandelacruzubeda.com\/fr\/project\/salle-viii-reconstruction-de-la-cellule-de-jean-de-la-croix\/#primaryimage"},"image":{"@id":"https:\/\/www.sanjuandelacruzubeda.com\/fr\/project\/salle-viii-reconstruction-de-la-cellule-de-jean-de-la-croix\/#primaryimage"},"thumbnailUrl":"https:\/\/www.sanjuandelacruzubeda.com\/wp-content\/uploads\/2023\/11\/01_reconstruccion.jpg","datePublished":"2023-11-20T09:15:30+00:00","dateModified":"2023-12-21T07:34:14+00:00","breadcrumb":{"@id":"https:\/\/www.sanjuandelacruzubeda.com\/fr\/project\/salle-viii-reconstruction-de-la-cellule-de-jean-de-la-croix\/#breadcrumb"},"inLanguage":"fr-FR","potentialAction":[{"@type":"ReadAction","target":["https:\/\/www.sanjuandelacruzubeda.com\/fr\/project\/salle-viii-reconstruction-de-la-cellule-de-jean-de-la-croix\/"]}]},{"@type":"ImageObject","inLanguage":"fr-FR","@id":"https:\/\/www.sanjuandelacruzubeda.com\/fr\/project\/salle-viii-reconstruction-de-la-cellule-de-jean-de-la-croix\/#primaryimage","url":"https:\/\/www.sanjuandelacruzubeda.com\/wp-content\/uploads\/2023\/11\/01_reconstruccion.jpg","contentUrl":"https:\/\/www.sanjuandelacruzubeda.com\/wp-content\/uploads\/2023\/11\/01_reconstruccion.jpg","width":900,"height":600},{"@type":"BreadcrumbList","@id":"https:\/\/www.sanjuandelacruzubeda.com\/fr\/project\/salle-viii-reconstruction-de-la-cellule-de-jean-de-la-croix\/#breadcrumb","itemListElement":[{"@type":"ListItem","position":1,"name":"Inicio","item":"https:\/\/www.sanjuandelacruzubeda.com\/fr\/"},{"@type":"ListItem","position":2,"name":"Projets","item":"https:\/\/www.sanjuandelacruzubeda.com\/fr\/project\/"},{"@type":"ListItem","position":3,"name":"Salle VIII &#8211; Reconstruction de la cellule de Jean de la Croix"}]},{"@type":"WebSite","@id":"https:\/\/www.sanjuandelacruzubeda.com\/fr\/#website","url":"https:\/\/www.sanjuandelacruzubeda.com\/fr\/","name":"Museo, Casa de espiritualidad y toda la informaci\u00f3n y escritos de - San Juan de la Cruz. \u00dabeda.","description":"","potentialAction":[{"@type":"SearchAction","target":{"@type":"EntryPoint","urlTemplate":"https:\/\/www.sanjuandelacruzubeda.com\/fr\/?s={search_term_string}"},"query-input":{"@type":"PropertyValueSpecification","valueRequired":true,"valueName":"search_term_string"}}],"inLanguage":"fr-FR"}]}},"_links":{"self":[{"href":"https:\/\/www.sanjuandelacruzubeda.com\/fr\/wp-json\/wp\/v2\/project\/8025","targetHints":{"allow":["GET"]}}],"collection":[{"href":"https:\/\/www.sanjuandelacruzubeda.com\/fr\/wp-json\/wp\/v2\/project"}],"about":[{"href":"https:\/\/www.sanjuandelacruzubeda.com\/fr\/wp-json\/wp\/v2\/types\/project"}],"author":[{"embeddable":true,"href":"https:\/\/www.sanjuandelacruzubeda.com\/fr\/wp-json\/wp\/v2\/users\/1"}],"replies":[{"embeddable":true,"href":"https:\/\/www.sanjuandelacruzubeda.com\/fr\/wp-json\/wp\/v2\/comments?post=8025"}],"version-history":[{"count":3,"href":"https:\/\/www.sanjuandelacruzubeda.com\/fr\/wp-json\/wp\/v2\/project\/8025\/revisions"}],"predecessor-version":[{"id":8478,"href":"https:\/\/www.sanjuandelacruzubeda.com\/fr\/wp-json\/wp\/v2\/project\/8025\/revisions\/8478"}],"wp:featuredmedia":[{"embeddable":true,"href":"https:\/\/www.sanjuandelacruzubeda.com\/fr\/wp-json\/wp\/v2\/media\/7783"}],"wp:attachment":[{"href":"https:\/\/www.sanjuandelacruzubeda.com\/fr\/wp-json\/wp\/v2\/media?parent=8025"}],"wp:term":[{"taxonomy":"project_category","embeddable":true,"href":"https:\/\/www.sanjuandelacruzubeda.com\/fr\/wp-json\/wp\/v2\/project_category?post=8025"},{"taxonomy":"project_tag","embeddable":true,"href":"https:\/\/www.sanjuandelacruzubeda.com\/fr\/wp-json\/wp\/v2\/project_tag?post=8025"}],"curies":[{"name":"wp","href":"https:\/\/api.w.org\/{rel}","templated":true}]}}