{"id":8150,"date":"2023-10-19T11:21:32","date_gmt":"2023-10-19T09:21:32","guid":{"rendered":"https:\/\/www.sanjuandelacruzubeda.com\/semana-sanjuanista\/"},"modified":"2023-12-15T13:07:17","modified_gmt":"2023-12-15T12:07:17","slug":"semaine-saintjeaniste","status":"publish","type":"page","link":"https:\/\/www.sanjuandelacruzubeda.com\/fr\/semaine-saintjeaniste\/","title":{"rendered":"Semaine saintjeaniste"},"content":{"rendered":"<p>[et_pb_section fb_built=\u00a0\u00bb1&Prime; _builder_version=\u00a0\u00bb4.22.2&Prime; _module_preset=\u00a0\u00bbdefault\u00a0\u00bb custom_margin=\u00a0\u00bb0px||||false|false\u00a0\u00bb custom_padding=\u00a0\u00bb0px||||false|false\u00a0\u00bb global_colors_info=\u00a0\u00bb{}\u00a0\u00bb][et_pb_row column_structure=\u00a0\u00bb1_2,1_2&Prime; _builder_version=\u00a0\u00bb4.22.2&Prime; _module_preset=\u00a0\u00bbdefault\u00a0\u00bb width=\u00a0\u00bb100%\u00a0\u00bb custom_margin=\u00a0\u00bb0px||||false|false\u00a0\u00bb custom_padding=\u00a0\u00bb0px||||false|false\u00a0\u00bb global_colors_info=\u00a0\u00bb{}\u00a0\u00bb][et_pb_column type=\u00a0\u00bb1_2&Prime; _builder_version=\u00a0\u00bb4.22.2&Prime; _module_preset=\u00a0\u00bbdefault\u00a0\u00bb global_colors_info=\u00a0\u00bb{}\u00a0\u00bb][et_pb_image src=\u00a0\u00bbhttps:\/\/www.sanjuandelacruzubeda.com\/wp-content\/uploads\/2023\/10\/01_semana46.jpg\u00a0\u00bb show_in_lightbox=\u00a0\u00bbon\u00a0\u00bb _builder_version=\u00a0\u00bb4.22.2&Prime; _module_preset=\u00a0\u00bbdefault\u00a0\u00bb global_colors_info=\u00a0\u00bb{}\u00a0\u00bb][\/et_pb_image][\/et_pb_column][et_pb_column type=\u00a0\u00bb1_2&Prime; _builder_version=\u00a0\u00bb4.22.2&Prime; _module_preset=\u00a0\u00bbdefault\u00a0\u00bb global_colors_info=\u00a0\u00bb{}\u00a0\u00bb][et_pb_image src=\u00a0\u00bbhttps:\/\/www.sanjuandelacruzubeda.com\/wp-content\/uploads\/2023\/10\/02_semana46.jpg\u00a0\u00bb show_in_lightbox=\u00a0\u00bbon\u00a0\u00bb _builder_version=\u00a0\u00bb4.22.2&Prime; _module_preset=\u00a0\u00bbdefault\u00a0\u00bb hover_enabled=\u00a0\u00bb0&Prime; global_colors_info=\u00a0\u00bb{}\u00a0\u00bb sticky_enabled=\u00a0\u00bb0&Prime;][\/et_pb_image][\/et_pb_column][\/et_pb_row][et_pb_row _builder_version=\u00a0\u00bb4.22.2&Prime; _module_preset=\u00a0\u00bbdefault\u00a0\u00bb width=\u00a0\u00bb100%\u00a0\u00bb custom_margin=\u00a0\u00bb0px||||false|false\u00a0\u00bb global_colors_info=\u00a0\u00bb{}\u00a0\u00bb][et_pb_column type=\u00a0\u00bb4_4&Prime; _builder_version=\u00a0\u00bb4.22.2&Prime; _module_preset=\u00a0\u00bbdefault\u00a0\u00bb global_colors_info=\u00a0\u00bb{}\u00a0\u00bb][et_pb_text _builder_version=\u00a0\u00bb4.23.1&Prime; _module_preset=\u00a0\u00bbdefault\u00a0\u00bb text_orientation=\u00a0\u00bbjustified\u00a0\u00bb global_colors_info=\u00a0\u00bb{}\u00a0\u00bb]<\/p>\n<p><strong>Semaine saintjeaniste<\/strong><\/p>\n<p>Depuis 1977, la communaut\u00e9 des Carmes D\u00e9chaux organise chaque ann\u00e9e des journ\u00e9es en l\u2019honneur de Saint Jean de la Croix \u00e0 \u00dabeda. Soutenues par la Mairie de la ville d\u2019\u00dabeda et par l\u2019embl\u00e9matique H\u00f4pital Saint-Jacques, ces journ\u00e9es se d\u00e9roulent lors de la deuxi\u00e8me semaine de novembre.<\/p>\n<p>La premi\u00e8re journ\u00e9e inclut l\u2019inauguration officielle, la pr\u00e9sentation des contenus de la semaine, et un spectacle musical et artistique autour de l\u2019\u0153uvre (et des po\u00e9sies) de Jean de la Croix.<\/p>\n<p>Pendant toute la semaine, des cycles de conf\u00e9rences se succ\u00e8dent avec la pr\u00e9sence des meilleurs sp\u00e9cialistes aux niveaux national et international de Jean de la Croix. Pour finir les journ\u00e9es, une Eucharistie de cl\u00f4ture est c\u00e9l\u00e9br\u00e9e dans l\u2019\u00e9glise Saint-Michel.<\/p>\n<p>&nbsp;<\/p>\n<p>[\/et_pb_text][et_pb_text disabled_on=\u00a0\u00bbon|on|on\u00a0\u00bb admin_label=\u00a0\u00bbtexto original\u00a0\u00bb _builder_version=\u00a0\u00bb4.23.1&Prime; _module_preset=\u00a0\u00bbdefault\u00a0\u00bb text_orientation=\u00a0\u00bbjustified\u00a0\u00bb disabled=\u00a0\u00bbon\u00a0\u00bb global_colors_info=\u00a0\u00bb{}\u00a0\u00bb]<\/p>\n<p>Las Conferencias ser\u00e1n presenciales en el Auditorio del Hospital de Santiago y retransmitidas a trav\u00e9s del canal de Youtube de la UNED JA\u00c9N y de los CARMELITAS DESCALZOS \u00daBEDA.<\/p>\n<p><a href=\"http:\/\/sanjuandelacruzubeda.com\/index.php?option=com_k2&amp;view=item&amp;layout=item&amp;id=118&amp;Itemid=123&amp;lang=es\">PULSA AQU\u00cd PARA CONOCER LOS EVENTOS DE LA 46\u00aa EDICI\u00d3N<\/a><\/p>\n<p><strong>\u00bfQu\u00e9 es la Semana Sanjuanista?<\/strong><\/p>\n<p>Desde 1977 la comunidad de carmelitas descalzos organiza cada a\u00f1o en \u00dabeda un ciclo de conferencias y actos lit\u00fargicos y art\u00edsticos dedicados a San Juan de la Cruz. Con motivo del IV Centenario de su muerte, en 1990 la Semana Sanjuanista se abre a\u00fan m\u00e1s a la ciudad y se traslada desde el convento de los frailes al emblem\u00e1tico y bell\u00edsimo Hospital de Santiago, gracias al patrocinio del Excmo. Ayuntamiento.<br \/>Estas jornadas se inauguran oficialmente en s\u00e1bado, con una breve presentaci\u00f3n del contenido de la Semana y, como acto central, con una representaci\u00f3n musical o de otras artes esc\u00e9nicas en torno a la obra y poes\u00edas del santo.<\/p>\n<p>Del lunes al viernes siguientes se desarrolla el ciclo de conferencias, donde intervienen grandes especialistas en san Juan de la Cruz, tanto nacionales como internacionales, desde las perspectivas y tem\u00e1ticas m\u00e1s plurales.<\/p>\n<p>Y la Semana regresa para su clausura al convento donde naci\u00f3, para culminar con una Eucarist\u00eda en nuestra iglesia de san Miguel.<\/p>\n<p>&nbsp;<\/p>\n<p><strong>ANTERIORES EDICIONES<\/strong><\/p>\n<p><a href=\"https:\/\/sanjuandelacruzubeda.com\/index.php?option=com_k2&amp;view=item&amp;layout=item&amp;id=117&amp;Itemid=123&amp;lang=es\">PULSA AQU\u00cd PARA CONOCER LOS EVENTOS DE LA 45\u00aa EDICI\u00d3N<\/a><\/p>\n<p><a title=\"Repositorio UNED\" href=\"http:\/\/contenidosdigitales.uned.es\/fezUNED\/list\/?cat=quick_filter&amp;sort_by=searchKey0&amp;search_keys%5B0%5D=jornada+sanjuanista\" target=\"_blank\" rel=\"noopener\">Sigue EN DIFERIDO las Conferencias de la 43\u00aa+1 edici\u00f3n de la Semana Sanjuanista<\/a><\/p>\n<p><a href=\"https:\/\/sanjuandelacruzubeda.com\/index.php?option=com_k2&amp;view=item&amp;layout=item&amp;id=112&amp;Itemid=123&amp;lang=es\" target=\"_self\" rel=\"noopener\">PULSA AQU\u00cd PARA CONOCER LOS EVENTOS DE LA 43\u00aa EDICI\u00d3N Y PARA ACCEDER A LAS V\u00cdDEOGRABACIONES<\/a><\/p>\n<p><a href=\"https:\/\/sanjuandelacruzubeda.com\/index.php?option=com_k2&amp;view=item&amp;layout=item&amp;id=111&amp;Itemid=537\">PULSE AQU\u00cd PARA VER INFORMACI\u00d3N SOBRE LA 42\u00aa EDICI\u00d3N<\/a><\/p>\n<p>[\/et_pb_text][\/et_pb_column][\/et_pb_row][\/et_pb_section]<\/p>\n","protected":false},"excerpt":{"rendered":"<p>Semaine saintjeaniste Depuis 1977, la communaut\u00e9 des Carmes D\u00e9chaux organise chaque ann\u00e9e des journ\u00e9es en l\u2019honneur de Saint Jean de la Croix \u00e0 \u00dabeda. Soutenues par la Mairie de la ville d\u2019\u00dabeda et par l\u2019embl\u00e9matique H\u00f4pital Saint-Jacques, ces journ\u00e9es se d\u00e9roulent lors de la deuxi\u00e8me semaine de novembre. La premi\u00e8re journ\u00e9e inclut l\u2019inauguration officielle, la [&hellip;]<\/p>\n","protected":false},"author":1,"featured_media":7697,"parent":0,"menu_order":0,"comment_status":"closed","ping_status":"closed","template":"","meta":{"_acf_changed":false,"_et_pb_use_builder":"on","_et_pb_old_content":"","_et_gb_content_width":"","footnotes":""},"class_list":["post-8150","page","type-page","status-publish","has-post-thumbnail","hentry"],"acf":[],"yoast_head":"<!-- This site is optimized with the Yoast SEO plugin v27.5 - https:\/\/yoast.com\/product\/yoast-seo-wordpress\/ -->\n<title>Semaine saintjeaniste - Museo, Casa de espiritualidad y toda la informaci\u00f3n y escritos de - San Juan de la Cruz. \u00dabeda.<\/title>\n<meta name=\"robots\" content=\"index, follow, max-snippet:-1, max-image-preview:large, max-video-preview:-1\" \/>\n<link rel=\"canonical\" href=\"https:\/\/www.sanjuandelacruzubeda.com\/fr\/semaine-saintjeaniste\/\" \/>\n<meta property=\"og:locale\" content=\"fr_FR\" \/>\n<meta property=\"og:type\" content=\"article\" \/>\n<meta property=\"og:title\" content=\"Semaine saintjeaniste - Museo, Casa de espiritualidad y toda la informaci\u00f3n y escritos de - San Juan de la Cruz. \u00dabeda.\" \/>\n<meta property=\"og:description\" content=\"Semaine saintjeaniste Depuis 1977, la communaut\u00e9 des Carmes D\u00e9chaux organise chaque ann\u00e9e des journ\u00e9es en l\u2019honneur de Saint Jean de la Croix \u00e0 \u00dabeda. Soutenues par la Mairie de la ville d\u2019\u00dabeda et par l\u2019embl\u00e9matique H\u00f4pital Saint-Jacques, ces journ\u00e9es se d\u00e9roulent lors de la deuxi\u00e8me semaine de novembre. La premi\u00e8re journ\u00e9e inclut l\u2019inauguration officielle, la [&hellip;]\" \/>\n<meta property=\"og:url\" content=\"https:\/\/www.sanjuandelacruzubeda.com\/fr\/semaine-saintjeaniste\/\" \/>\n<meta property=\"og:site_name\" content=\"Museo, Casa de espiritualidad y toda la informaci\u00f3n y escritos de - San Juan de la Cruz. \u00dabeda.\" \/>\n<meta property=\"article:modified_time\" content=\"2023-12-15T12:07:17+00:00\" \/>\n<meta property=\"og:image\" content=\"https:\/\/www.sanjuandelacruzubeda.com\/wp-content\/uploads\/2023\/10\/03_banner_semana.jpg\" \/>\n\t<meta property=\"og:image:width\" content=\"1950\" \/>\n\t<meta property=\"og:image:height\" content=\"300\" \/>\n\t<meta property=\"og:image:type\" content=\"image\/jpeg\" \/>\n<meta name=\"twitter:card\" content=\"summary_large_image\" \/>\n<meta name=\"twitter:label1\" content=\"Dur\u00e9e de lecture estim\u00e9e\" \/>\n\t<meta name=\"twitter:data1\" content=\"2 minutes\" \/>\n<script type=\"application\/ld+json\" class=\"yoast-schema-graph\">{\"@context\":\"https:\\\/\\\/schema.org\",\"@graph\":[{\"@type\":\"WebPage\",\"@id\":\"https:\\\/\\\/www.sanjuandelacruzubeda.com\\\/fr\\\/semaine-saintjeaniste\\\/\",\"url\":\"https:\\\/\\\/www.sanjuandelacruzubeda.com\\\/fr\\\/semaine-saintjeaniste\\\/\",\"name\":\"Semaine saintjeaniste - Museo, Casa de espiritualidad y toda la informaci\u00f3n y escritos de - San Juan de la Cruz. \u00dabeda.\",\"isPartOf\":{\"@id\":\"https:\\\/\\\/www.sanjuandelacruzubeda.com\\\/fr\\\/#website\"},\"primaryImageOfPage\":{\"@id\":\"https:\\\/\\\/www.sanjuandelacruzubeda.com\\\/fr\\\/semaine-saintjeaniste\\\/#primaryimage\"},\"image\":{\"@id\":\"https:\\\/\\\/www.sanjuandelacruzubeda.com\\\/fr\\\/semaine-saintjeaniste\\\/#primaryimage\"},\"thumbnailUrl\":\"https:\\\/\\\/www.sanjuandelacruzubeda.com\\\/wp-content\\\/uploads\\\/2023\\\/10\\\/03_banner_semana.jpg\",\"datePublished\":\"2023-10-19T09:21:32+00:00\",\"dateModified\":\"2023-12-15T12:07:17+00:00\",\"breadcrumb\":{\"@id\":\"https:\\\/\\\/www.sanjuandelacruzubeda.com\\\/fr\\\/semaine-saintjeaniste\\\/#breadcrumb\"},\"inLanguage\":\"fr-FR\",\"potentialAction\":[{\"@type\":\"ReadAction\",\"target\":[\"https:\\\/\\\/www.sanjuandelacruzubeda.com\\\/fr\\\/semaine-saintjeaniste\\\/\"]}]},{\"@type\":\"ImageObject\",\"inLanguage\":\"fr-FR\",\"@id\":\"https:\\\/\\\/www.sanjuandelacruzubeda.com\\\/fr\\\/semaine-saintjeaniste\\\/#primaryimage\",\"url\":\"https:\\\/\\\/www.sanjuandelacruzubeda.com\\\/wp-content\\\/uploads\\\/2023\\\/10\\\/03_banner_semana.jpg\",\"contentUrl\":\"https:\\\/\\\/www.sanjuandelacruzubeda.com\\\/wp-content\\\/uploads\\\/2023\\\/10\\\/03_banner_semana.jpg\",\"width\":1950,\"height\":300},{\"@type\":\"BreadcrumbList\",\"@id\":\"https:\\\/\\\/www.sanjuandelacruzubeda.com\\\/fr\\\/semaine-saintjeaniste\\\/#breadcrumb\",\"itemListElement\":[{\"@type\":\"ListItem\",\"position\":1,\"name\":\"Inicio\",\"item\":\"https:\\\/\\\/www.sanjuandelacruzubeda.com\\\/fr\\\/\"},{\"@type\":\"ListItem\",\"position\":2,\"name\":\"Semaine saintjeaniste\"}]},{\"@type\":\"WebSite\",\"@id\":\"https:\\\/\\\/www.sanjuandelacruzubeda.com\\\/fr\\\/#website\",\"url\":\"https:\\\/\\\/www.sanjuandelacruzubeda.com\\\/fr\\\/\",\"name\":\"Museo, Casa de espiritualidad y toda la informaci\u00f3n y escritos de - San Juan de la Cruz. \u00dabeda.\",\"description\":\"\",\"potentialAction\":[{\"@type\":\"SearchAction\",\"target\":{\"@type\":\"EntryPoint\",\"urlTemplate\":\"https:\\\/\\\/www.sanjuandelacruzubeda.com\\\/fr\\\/?s={search_term_string}\"},\"query-input\":{\"@type\":\"PropertyValueSpecification\",\"valueRequired\":true,\"valueName\":\"search_term_string\"}}],\"inLanguage\":\"fr-FR\"}]}<\/script>\n<!-- \/ Yoast SEO plugin. -->","yoast_head_json":{"title":"Semaine saintjeaniste - Museo, Casa de espiritualidad y toda la informaci\u00f3n y escritos de - San Juan de la Cruz. \u00dabeda.","robots":{"index":"index","follow":"follow","max-snippet":"max-snippet:-1","max-image-preview":"max-image-preview:large","max-video-preview":"max-video-preview:-1"},"canonical":"https:\/\/www.sanjuandelacruzubeda.com\/fr\/semaine-saintjeaniste\/","og_locale":"fr_FR","og_type":"article","og_title":"Semaine saintjeaniste - Museo, Casa de espiritualidad y toda la informaci\u00f3n y escritos de - San Juan de la Cruz. \u00dabeda.","og_description":"Semaine saintjeaniste Depuis 1977, la communaut\u00e9 des Carmes D\u00e9chaux organise chaque ann\u00e9e des journ\u00e9es en l\u2019honneur de Saint Jean de la Croix \u00e0 \u00dabeda. Soutenues par la Mairie de la ville d\u2019\u00dabeda et par l\u2019embl\u00e9matique H\u00f4pital Saint-Jacques, ces journ\u00e9es se d\u00e9roulent lors de la deuxi\u00e8me semaine de novembre. La premi\u00e8re journ\u00e9e inclut l\u2019inauguration officielle, la [&hellip;]","og_url":"https:\/\/www.sanjuandelacruzubeda.com\/fr\/semaine-saintjeaniste\/","og_site_name":"Museo, Casa de espiritualidad y toda la informaci\u00f3n y escritos de - San Juan de la Cruz. \u00dabeda.","article_modified_time":"2023-12-15T12:07:17+00:00","og_image":[{"width":1950,"height":300,"url":"https:\/\/www.sanjuandelacruzubeda.com\/wp-content\/uploads\/2023\/10\/03_banner_semana.jpg","type":"image\/jpeg"}],"twitter_card":"summary_large_image","twitter_misc":{"Dur\u00e9e de lecture estim\u00e9e":"2 minutes"},"schema":{"@context":"https:\/\/schema.org","@graph":[{"@type":"WebPage","@id":"https:\/\/www.sanjuandelacruzubeda.com\/fr\/semaine-saintjeaniste\/","url":"https:\/\/www.sanjuandelacruzubeda.com\/fr\/semaine-saintjeaniste\/","name":"Semaine saintjeaniste - Museo, Casa de espiritualidad y toda la informaci\u00f3n y escritos de - San Juan de la Cruz. \u00dabeda.","isPartOf":{"@id":"https:\/\/www.sanjuandelacruzubeda.com\/fr\/#website"},"primaryImageOfPage":{"@id":"https:\/\/www.sanjuandelacruzubeda.com\/fr\/semaine-saintjeaniste\/#primaryimage"},"image":{"@id":"https:\/\/www.sanjuandelacruzubeda.com\/fr\/semaine-saintjeaniste\/#primaryimage"},"thumbnailUrl":"https:\/\/www.sanjuandelacruzubeda.com\/wp-content\/uploads\/2023\/10\/03_banner_semana.jpg","datePublished":"2023-10-19T09:21:32+00:00","dateModified":"2023-12-15T12:07:17+00:00","breadcrumb":{"@id":"https:\/\/www.sanjuandelacruzubeda.com\/fr\/semaine-saintjeaniste\/#breadcrumb"},"inLanguage":"fr-FR","potentialAction":[{"@type":"ReadAction","target":["https:\/\/www.sanjuandelacruzubeda.com\/fr\/semaine-saintjeaniste\/"]}]},{"@type":"ImageObject","inLanguage":"fr-FR","@id":"https:\/\/www.sanjuandelacruzubeda.com\/fr\/semaine-saintjeaniste\/#primaryimage","url":"https:\/\/www.sanjuandelacruzubeda.com\/wp-content\/uploads\/2023\/10\/03_banner_semana.jpg","contentUrl":"https:\/\/www.sanjuandelacruzubeda.com\/wp-content\/uploads\/2023\/10\/03_banner_semana.jpg","width":1950,"height":300},{"@type":"BreadcrumbList","@id":"https:\/\/www.sanjuandelacruzubeda.com\/fr\/semaine-saintjeaniste\/#breadcrumb","itemListElement":[{"@type":"ListItem","position":1,"name":"Inicio","item":"https:\/\/www.sanjuandelacruzubeda.com\/fr\/"},{"@type":"ListItem","position":2,"name":"Semaine saintjeaniste"}]},{"@type":"WebSite","@id":"https:\/\/www.sanjuandelacruzubeda.com\/fr\/#website","url":"https:\/\/www.sanjuandelacruzubeda.com\/fr\/","name":"Museo, Casa de espiritualidad y toda la informaci\u00f3n y escritos de - San Juan de la Cruz. \u00dabeda.","description":"","potentialAction":[{"@type":"SearchAction","target":{"@type":"EntryPoint","urlTemplate":"https:\/\/www.sanjuandelacruzubeda.com\/fr\/?s={search_term_string}"},"query-input":{"@type":"PropertyValueSpecification","valueRequired":true,"valueName":"search_term_string"}}],"inLanguage":"fr-FR"}]}},"_links":{"self":[{"href":"https:\/\/www.sanjuandelacruzubeda.com\/fr\/wp-json\/wp\/v2\/pages\/8150","targetHints":{"allow":["GET"]}}],"collection":[{"href":"https:\/\/www.sanjuandelacruzubeda.com\/fr\/wp-json\/wp\/v2\/pages"}],"about":[{"href":"https:\/\/www.sanjuandelacruzubeda.com\/fr\/wp-json\/wp\/v2\/types\/page"}],"author":[{"embeddable":true,"href":"https:\/\/www.sanjuandelacruzubeda.com\/fr\/wp-json\/wp\/v2\/users\/1"}],"replies":[{"embeddable":true,"href":"https:\/\/www.sanjuandelacruzubeda.com\/fr\/wp-json\/wp\/v2\/comments?post=8150"}],"version-history":[{"count":3,"href":"https:\/\/www.sanjuandelacruzubeda.com\/fr\/wp-json\/wp\/v2\/pages\/8150\/revisions"}],"predecessor-version":[{"id":8275,"href":"https:\/\/www.sanjuandelacruzubeda.com\/fr\/wp-json\/wp\/v2\/pages\/8150\/revisions\/8275"}],"wp:featuredmedia":[{"embeddable":true,"href":"https:\/\/www.sanjuandelacruzubeda.com\/fr\/wp-json\/wp\/v2\/media\/7697"}],"wp:attachment":[{"href":"https:\/\/www.sanjuandelacruzubeda.com\/fr\/wp-json\/wp\/v2\/media?parent=8150"}],"curies":[{"name":"wp","href":"https:\/\/api.w.org\/{rel}","templated":true}]}}