{"id":10164,"date":"2026-05-02T20:58:41","date_gmt":"2026-05-02T18:58:41","guid":{"rendered":"https:\/\/www.sanjuandelacruzubeda.com\/?post_type=ajde_events&#038;p=10164"},"modified":"2026-05-02T21:02:21","modified_gmt":"2026-05-02T19:02:21","slug":"10164","status":"publish","type":"ajde_events","link":"https:\/\/www.sanjuandelacruzubeda.com\/fr\/events\/10164\/","title":{"rendered":"Exposici\u00f3n \u201cEl pecho del amor muy lastimado\u00a0\u00bb"},"content":{"rendered":"<p>\u201cEl pecho del amor muy lastimado: variaciones del dibujo del Crucificado de San Juan de la Cruz\u201d es una exposici\u00f3n compuesta por obras de los siguientes artistas: los pintores Santiago Yd\u00e1\u00f1ez, Jes\u00fas Zurita, Mar\u00eda \u00c1ngeles D\u00edaz Barbado, Pepa Salas Vilar, Piedad Lozano, Pedro Moreno Arias \u201cPeris\u201d, Bernardino S\u00e1nchez Bayo, Rafael Peralbo, Manuel Garc\u00eda Villaca\u00f1as, Pedro L\u00edndez, Pepe Rodr\u00edguez, Juan Salda\u00f1a, Nicol\u00e1s de la Torre, Jos\u00e9 Ram\u00f3n S\u00e1nchez Herrera, Miguel Carini Capalbo y Rafael G\u00f3mez, los escultores Antonio Espadas , Jes\u00fas Montoya y Tom\u00e1s Justicia, el maestro artesano de la forja Pepe Garrido \u201cTiznajo\u201d y los fot\u00f3grafos y los dise\u00f1adores gr\u00e1ficos Francisco Jos\u00e9 S\u00e1nchez Montalb\u00e1n, Nono S\u00e1nchez y Marcelo G\u00f3ngora<\/p>\n<p>Todos ellos se han acercado con absoluta libertad de creaci\u00f3n a la primera obra que conservamos de San Juan de la Cruz: el peque\u00f1o dibujo del Crucificado, en una perspectiva tan original, que motiv\u00f3 a Salvador Dal\u00ed la realizaci\u00f3n de su famoso \u201cCristo de San Juan de la Cruz<\/p>\n<p><strong>Hora de la inauguraci\u00f3n a\u00fan por determinar<\/strong><br \/>\nLugar: Iglesia de San Lorenzo<br \/>\nCalle de los Miradores de San Lorenzo 1 (\u00dabeda)<br \/>\n<strong>7 noviembre 2026 a 17 enero de 2027<\/strong><\/p>\n","protected":false},"author":2,"featured_media":-1,"menu_order":0,"comment_status":"closed","ping_status":"closed","template":"","meta":{"_acf_changed":false,"_et_pb_use_builder":"","_et_pb_old_content":"","_et_gb_content_width":""},"tags":[],"event_type":[],"event_type_2":[],"class_list":["post-10164","ajde_events","type-ajde_events","status-publish","has-post-thumbnail","hentry","event_location-iglesia-de-san-lorenzo"],"acf":[],"yoast_head":"<!-- This site is optimized with the Yoast SEO plugin v27.5 - https:\/\/yoast.com\/product\/yoast-seo-wordpress\/ -->\n<title>Exposici\u00f3n \u201cEl pecho del amor muy lastimado&quot; - Museo, Casa de espiritualidad y toda la informaci\u00f3n y escritos de - San Juan de la Cruz. \u00dabeda.<\/title>\n<meta name=\"robots\" content=\"index, follow, max-snippet:-1, max-image-preview:large, max-video-preview:-1\" \/>\n<link rel=\"canonical\" href=\"https:\/\/www.sanjuandelacruzubeda.com\/fr\/events\/10164\/\" \/>\n<meta property=\"og:locale\" content=\"fr_FR\" \/>\n<meta property=\"og:type\" content=\"article\" \/>\n<meta property=\"og:title\" content=\"Exposici\u00f3n \u201cEl pecho del amor muy lastimado&quot; - Museo, Casa de espiritualidad y toda la informaci\u00f3n y escritos de - San Juan de la Cruz. \u00dabeda.\" \/>\n<meta property=\"og:description\" content=\"\u201cEl pecho del amor muy lastimado: variaciones del dibujo del Crucificado de San Juan de la Cruz\u201d es una exposici\u00f3n compuesta por obras de los siguientes artistas: los pintores Santiago Yd\u00e1\u00f1ez, Jes\u00fas Zurita, Mar\u00eda \u00c1ngeles D\u00edaz Barbado, Pepa Salas Vilar, Piedad Lozano, Pedro Moreno Arias \u201cPeris\u201d, Bernardino S\u00e1nchez Bayo, Rafael Peralbo, Manuel Garc\u00eda Villaca\u00f1as, Pedro [&hellip;]\" \/>\n<meta property=\"og:url\" content=\"https:\/\/www.sanjuandelacruzubeda.com\/fr\/events\/10164\/\" \/>\n<meta property=\"og:site_name\" content=\"Museo, Casa de espiritualidad y toda la informaci\u00f3n y escritos de - San Juan de la Cruz. \u00dabeda.\" \/>\n<meta property=\"article:modified_time\" content=\"2026-05-02T19:02:21+00:00\" \/>\n<meta name=\"twitter:card\" content=\"summary_large_image\" \/>\n<meta name=\"twitter:label1\" content=\"Dur\u00e9e de lecture estim\u00e9e\" \/>\n\t<meta name=\"twitter:data1\" content=\"1 minute\" \/>\n<script type=\"application\/ld+json\" class=\"yoast-schema-graph\">{\"@context\":\"https:\\\/\\\/schema.org\",\"@graph\":[{\"@type\":\"WebPage\",\"@id\":\"https:\\\/\\\/www.sanjuandelacruzubeda.com\\\/fr\\\/events\\\/10164\\\/\",\"url\":\"https:\\\/\\\/www.sanjuandelacruzubeda.com\\\/fr\\\/events\\\/10164\\\/\",\"name\":\"Exposici\u00f3n \u201cEl pecho del amor muy lastimado\\\" - Museo, Casa de espiritualidad y toda la informaci\u00f3n y escritos de - San Juan de la Cruz. \u00dabeda.\",\"isPartOf\":{\"@id\":\"https:\\\/\\\/www.sanjuandelacruzubeda.com\\\/fr\\\/#website\"},\"datePublished\":\"2026-05-02T18:58:41+00:00\",\"dateModified\":\"2026-05-02T19:02:21+00:00\",\"breadcrumb\":{\"@id\":\"https:\\\/\\\/www.sanjuandelacruzubeda.com\\\/fr\\\/events\\\/10164\\\/#breadcrumb\"},\"inLanguage\":\"fr-FR\",\"potentialAction\":[{\"@type\":\"ReadAction\",\"target\":[\"https:\\\/\\\/www.sanjuandelacruzubeda.com\\\/fr\\\/events\\\/10164\\\/\"]}]},{\"@type\":\"BreadcrumbList\",\"@id\":\"https:\\\/\\\/www.sanjuandelacruzubeda.com\\\/fr\\\/events\\\/10164\\\/#breadcrumb\",\"itemListElement\":[{\"@type\":\"ListItem\",\"position\":1,\"name\":\"Inicio\",\"item\":\"https:\\\/\\\/www.sanjuandelacruzubeda.com\\\/fr\\\/\"},{\"@type\":\"ListItem\",\"position\":2,\"name\":\"Events\",\"item\":\"https:\\\/\\\/www.sanjuandelacruzubeda.com\\\/fr\\\/events\\\/\"},{\"@type\":\"ListItem\",\"position\":3,\"name\":\"Exposici\u00f3n \u201cEl pecho del amor muy lastimado\u00bb\"}]},{\"@type\":\"WebSite\",\"@id\":\"https:\\\/\\\/www.sanjuandelacruzubeda.com\\\/fr\\\/#website\",\"url\":\"https:\\\/\\\/www.sanjuandelacruzubeda.com\\\/fr\\\/\",\"name\":\"Museo, Casa de espiritualidad y toda la informaci\u00f3n y escritos de - San Juan de la Cruz. \u00dabeda.\",\"description\":\"\",\"potentialAction\":[{\"@type\":\"SearchAction\",\"target\":{\"@type\":\"EntryPoint\",\"urlTemplate\":\"https:\\\/\\\/www.sanjuandelacruzubeda.com\\\/fr\\\/?s={search_term_string}\"},\"query-input\":{\"@type\":\"PropertyValueSpecification\",\"valueRequired\":true,\"valueName\":\"search_term_string\"}}],\"inLanguage\":\"fr-FR\"}]}<\/script>\n<!-- \/ Yoast SEO plugin. -->","yoast_head_json":{"title":"Exposici\u00f3n \u201cEl pecho del amor muy lastimado\" - Museo, Casa de espiritualidad y toda la informaci\u00f3n y escritos de - San Juan de la Cruz. \u00dabeda.","robots":{"index":"index","follow":"follow","max-snippet":"max-snippet:-1","max-image-preview":"max-image-preview:large","max-video-preview":"max-video-preview:-1"},"canonical":"https:\/\/www.sanjuandelacruzubeda.com\/fr\/events\/10164\/","og_locale":"fr_FR","og_type":"article","og_title":"Exposici\u00f3n \u201cEl pecho del amor muy lastimado\" - Museo, Casa de espiritualidad y toda la informaci\u00f3n y escritos de - San Juan de la Cruz. \u00dabeda.","og_description":"\u201cEl pecho del amor muy lastimado: variaciones del dibujo del Crucificado de San Juan de la Cruz\u201d es una exposici\u00f3n compuesta por obras de los siguientes artistas: los pintores Santiago Yd\u00e1\u00f1ez, Jes\u00fas Zurita, Mar\u00eda \u00c1ngeles D\u00edaz Barbado, Pepa Salas Vilar, Piedad Lozano, Pedro Moreno Arias \u201cPeris\u201d, Bernardino S\u00e1nchez Bayo, Rafael Peralbo, Manuel Garc\u00eda Villaca\u00f1as, Pedro [&hellip;]","og_url":"https:\/\/www.sanjuandelacruzubeda.com\/fr\/events\/10164\/","og_site_name":"Museo, Casa de espiritualidad y toda la informaci\u00f3n y escritos de - San Juan de la Cruz. \u00dabeda.","article_modified_time":"2026-05-02T19:02:21+00:00","twitter_card":"summary_large_image","twitter_misc":{"Dur\u00e9e de lecture estim\u00e9e":"1 minute"},"schema":{"@context":"https:\/\/schema.org","@graph":[{"@type":"WebPage","@id":"https:\/\/www.sanjuandelacruzubeda.com\/fr\/events\/10164\/","url":"https:\/\/www.sanjuandelacruzubeda.com\/fr\/events\/10164\/","name":"Exposici\u00f3n \u201cEl pecho del amor muy lastimado\" - Museo, Casa de espiritualidad y toda la informaci\u00f3n y escritos de - San Juan de la Cruz. \u00dabeda.","isPartOf":{"@id":"https:\/\/www.sanjuandelacruzubeda.com\/fr\/#website"},"datePublished":"2026-05-02T18:58:41+00:00","dateModified":"2026-05-02T19:02:21+00:00","breadcrumb":{"@id":"https:\/\/www.sanjuandelacruzubeda.com\/fr\/events\/10164\/#breadcrumb"},"inLanguage":"fr-FR","potentialAction":[{"@type":"ReadAction","target":["https:\/\/www.sanjuandelacruzubeda.com\/fr\/events\/10164\/"]}]},{"@type":"BreadcrumbList","@id":"https:\/\/www.sanjuandelacruzubeda.com\/fr\/events\/10164\/#breadcrumb","itemListElement":[{"@type":"ListItem","position":1,"name":"Inicio","item":"https:\/\/www.sanjuandelacruzubeda.com\/fr\/"},{"@type":"ListItem","position":2,"name":"Events","item":"https:\/\/www.sanjuandelacruzubeda.com\/fr\/events\/"},{"@type":"ListItem","position":3,"name":"Exposici\u00f3n \u201cEl pecho del amor muy lastimado\u00bb"}]},{"@type":"WebSite","@id":"https:\/\/www.sanjuandelacruzubeda.com\/fr\/#website","url":"https:\/\/www.sanjuandelacruzubeda.com\/fr\/","name":"Museo, Casa de espiritualidad y toda la informaci\u00f3n y escritos de - San Juan de la Cruz. \u00dabeda.","description":"","potentialAction":[{"@type":"SearchAction","target":{"@type":"EntryPoint","urlTemplate":"https:\/\/www.sanjuandelacruzubeda.com\/fr\/?s={search_term_string}"},"query-input":{"@type":"PropertyValueSpecification","valueRequired":true,"valueName":"search_term_string"}}],"inLanguage":"fr-FR"}]}},"_links":{"self":[{"href":"https:\/\/www.sanjuandelacruzubeda.com\/fr\/wp-json\/wp\/v2\/ajde_events\/10164","targetHints":{"allow":["GET"]}}],"collection":[{"href":"https:\/\/www.sanjuandelacruzubeda.com\/fr\/wp-json\/wp\/v2\/ajde_events"}],"about":[{"href":"https:\/\/www.sanjuandelacruzubeda.com\/fr\/wp-json\/wp\/v2\/types\/ajde_events"}],"author":[{"embeddable":true,"href":"https:\/\/www.sanjuandelacruzubeda.com\/fr\/wp-json\/wp\/v2\/users\/2"}],"replies":[{"embeddable":true,"href":"https:\/\/www.sanjuandelacruzubeda.com\/fr\/wp-json\/wp\/v2\/comments?post=10164"}],"wp:featuredmedia":[{"embeddable":true,"href":"https:\/\/www.sanjuandelacruzubeda.com\/fr\/wp-json\/"}],"wp:attachment":[{"href":"https:\/\/www.sanjuandelacruzubeda.com\/fr\/wp-json\/wp\/v2\/media?parent=10164"}],"wp:term":[{"taxonomy":"post_tag","embeddable":true,"href":"https:\/\/www.sanjuandelacruzubeda.com\/fr\/wp-json\/wp\/v2\/tags?post=10164"},{"taxonomy":"event_type","embeddable":true,"href":"https:\/\/www.sanjuandelacruzubeda.com\/fr\/wp-json\/wp\/v2\/event_type?post=10164"},{"taxonomy":"event_type_2","embeddable":true,"href":"https:\/\/www.sanjuandelacruzubeda.com\/fr\/wp-json\/wp\/v2\/event_type_2?post=10164"}],"curies":[{"name":"wp","href":"https:\/\/api.w.org\/{rel}","templated":true}]}}