{"id":8149,"date":"2023-10-19T11:21:32","date_gmt":"2023-10-19T09:21:32","guid":{"rendered":"https:\/\/www.sanjuandelacruzubeda.com\/semana-sanjuanista\/"},"modified":"2023-12-13T12:11:03","modified_gmt":"2023-12-13T11:11:03","slug":"the-week-of-st-john-of-the-cross","status":"publish","type":"page","link":"https:\/\/www.sanjuandelacruzubeda.com\/en\/the-week-of-st-john-of-the-cross\/","title":{"rendered":"The Week of St John of the Cross"},"content":{"rendered":"<p>[et_pb_section fb_built=&#8221;1&#8243; _builder_version=&#8221;4.22.2&#8243; _module_preset=&#8221;default&#8221; custom_margin=&#8221;0px||||false|false&#8221; custom_padding=&#8221;0px||||false|false&#8221; global_colors_info=&#8221;{}&#8221;][et_pb_row column_structure=&#8221;1_2,1_2&#8243; _builder_version=&#8221;4.22.2&#8243; _module_preset=&#8221;default&#8221; width=&#8221;100%&#8221; custom_margin=&#8221;0px||||false|false&#8221; custom_padding=&#8221;0px||||false|false&#8221; global_colors_info=&#8221;{}&#8221;][et_pb_column type=&#8221;1_2&#8243; _builder_version=&#8221;4.22.2&#8243; _module_preset=&#8221;default&#8221; global_colors_info=&#8221;{}&#8221;][et_pb_image src=&#8221;https:\/\/www.sanjuandelacruzubeda.com\/wp-content\/uploads\/2023\/10\/01_semana46.jpg&#8221; show_in_lightbox=&#8221;on&#8221; _builder_version=&#8221;4.22.2&#8243; _module_preset=&#8221;default&#8221; global_colors_info=&#8221;{}&#8221;][\/et_pb_image][\/et_pb_column][et_pb_column type=&#8221;1_2&#8243; _builder_version=&#8221;4.22.2&#8243; _module_preset=&#8221;default&#8221; global_colors_info=&#8221;{}&#8221;][et_pb_image src=&#8221;https:\/\/www.sanjuandelacruzubeda.com\/wp-content\/uploads\/2023\/10\/02_semana46.jpg&#8221; show_in_lightbox=&#8221;on&#8221; _builder_version=&#8221;4.22.2&#8243; _module_preset=&#8221;default&#8221; global_colors_info=&#8221;{}&#8221;][\/et_pb_image][\/et_pb_column][\/et_pb_row][et_pb_row _builder_version=&#8221;4.22.2&#8243; _module_preset=&#8221;default&#8221; width=&#8221;100%&#8221; custom_margin=&#8221;0px||||false|false&#8221; global_colors_info=&#8221;{}&#8221;][et_pb_column type=&#8221;4_4&#8243; _builder_version=&#8221;4.22.2&#8243; _module_preset=&#8221;default&#8221; global_colors_info=&#8221;{}&#8221;][et_pb_text _builder_version=&#8221;4.23.1&#8243; _module_preset=&#8221;default&#8221; text_orientation=&#8221;justified&#8221; global_colors_info=&#8221;{}&#8221;]<\/p>\n<p class=\"page-title\"><strong>The Week of St John of the Cross<\/strong><\/p>\n<p>Since 1977 the Discalced Carmelites community organises a feast in honour of St John of the Cross in \u00dabeda. Supported by the local city council and the &#8220;Hospital de Santiago&#8221;, it is celebrated every year during the second week of November.<\/p>\n<p>The first day, the official opening ceremony includes a presentation of the contents and activities for the week, and a music and artistic show about the saint&#8217;s work and poetry.<\/p>\n<p>The rest of the days, a series of conferences hold by the major national and international specialists on St John of the Cross take place. And in the end there is a closing Eucharist celebration in Saint Michael&#8217;s church.<\/p>\n<p>&nbsp;<\/p>\n<p>[\/et_pb_text][et_pb_text disabled_on=&#8221;on|on|on&#8221; admin_label=&#8221;texto original&#8221; _builder_version=&#8221;4.23.1&#8243; _module_preset=&#8221;default&#8221; text_orientation=&#8221;justified&#8221; disabled=&#8221;on&#8221; global_colors_info=&#8221;{}&#8221;]<\/p>\n<p>Las Conferencias ser\u00e1n presenciales en el Auditorio del Hospital de Santiago y retransmitidas a trav\u00e9s del canal de Youtube de la UNED JA\u00c9N y de los CARMELITAS DESCALZOS \u00daBEDA.<\/p>\n<p><a href=\"http:\/\/sanjuandelacruzubeda.com\/index.php?option=com_k2&amp;view=item&amp;layout=item&amp;id=118&amp;Itemid=123&amp;lang=es\">PULSA AQU\u00cd PARA CONOCER LOS EVENTOS DE LA 46\u00aa EDICI\u00d3N<\/a><\/p>\n<p><strong>\u00bfQu\u00e9 es la Semana Sanjuanista?<\/strong><\/p>\n<p>Desde 1977 la comunidad de carmelitas descalzos organiza cada a\u00f1o en \u00dabeda un ciclo de conferencias y actos lit\u00fargicos y art\u00edsticos dedicados a San Juan de la Cruz. Con motivo del IV Centenario de su muerte, en 1990 la Semana Sanjuanista se abre a\u00fan m\u00e1s a la ciudad y se traslada desde el convento de los frailes al emblem\u00e1tico y bell\u00edsimo Hospital de Santiago, gracias al patrocinio del Excmo. Ayuntamiento.<br \/>Estas jornadas se inauguran oficialmente en s\u00e1bado, con una breve presentaci\u00f3n del contenido de la Semana y, como acto central, con una representaci\u00f3n musical o de otras artes esc\u00e9nicas en torno a la obra y poes\u00edas del santo.<\/p>\n<p>Del lunes al viernes siguientes se desarrolla el ciclo de conferencias, donde intervienen grandes especialistas en san Juan de la Cruz, tanto nacionales como internacionales, desde las perspectivas y tem\u00e1ticas m\u00e1s plurales.<\/p>\n<p>Y la Semana regresa para su clausura al convento donde naci\u00f3, para culminar con una Eucarist\u00eda en nuestra iglesia de san Miguel.<\/p>\n<p>&nbsp;<\/p>\n<p><strong>ANTERIORES EDICIONES<\/strong><\/p>\n<p><a href=\"https:\/\/sanjuandelacruzubeda.com\/index.php?option=com_k2&amp;view=item&amp;layout=item&amp;id=117&amp;Itemid=123&amp;lang=es\">PULSA AQU\u00cd PARA CONOCER LOS EVENTOS DE LA 45\u00aa EDICI\u00d3N<\/a><\/p>\n<p><a title=\"Repositorio UNED\" href=\"http:\/\/contenidosdigitales.uned.es\/fezUNED\/list\/?cat=quick_filter&amp;sort_by=searchKey0&amp;search_keys%5B0%5D=jornada+sanjuanista\" target=\"_blank\" rel=\"noopener\">Sigue EN DIFERIDO las Conferencias de la 43\u00aa+1 edici\u00f3n de la Semana Sanjuanista<\/a><\/p>\n<p><a href=\"https:\/\/sanjuandelacruzubeda.com\/index.php?option=com_k2&amp;view=item&amp;layout=item&amp;id=112&amp;Itemid=123&amp;lang=es\" target=\"_self\" rel=\"noopener\">PULSA AQU\u00cd PARA CONOCER LOS EVENTOS DE LA 43\u00aa EDICI\u00d3N Y PARA ACCEDER A LAS V\u00cdDEOGRABACIONES<\/a><\/p>\n<p><a href=\"https:\/\/sanjuandelacruzubeda.com\/index.php?option=com_k2&amp;view=item&amp;layout=item&amp;id=111&amp;Itemid=537\">PULSE AQU\u00cd PARA VER INFORMACI\u00d3N SOBRE LA 42\u00aa EDICI\u00d3N<\/a><\/p>\n<p>[\/et_pb_text][\/et_pb_column][\/et_pb_row][\/et_pb_section]<\/p>\n","protected":false},"excerpt":{"rendered":"<p>The Week of St John of the Cross Since 1977 the Discalced Carmelites community organises a feast in honour of St John of the Cross in \u00dabeda. Supported by the local city council and the &#8220;Hospital de Santiago&#8221;, it is celebrated every year during the second week of November. The first day, the official opening [&hellip;]<\/p>\n","protected":false},"author":1,"featured_media":7696,"parent":0,"menu_order":0,"comment_status":"closed","ping_status":"closed","template":"","meta":{"_acf_changed":false,"_et_pb_use_builder":"on","_et_pb_old_content":"","_et_gb_content_width":"","footnotes":""},"class_list":["post-8149","page","type-page","status-publish","has-post-thumbnail","hentry"],"acf":[],"yoast_head":"<!-- This site is optimized with the Yoast SEO plugin v27.5 - https:\/\/yoast.com\/product\/yoast-seo-wordpress\/ -->\n<title>The Week of St John of the Cross - Museo, Casa de espiritualidad y toda la informaci\u00f3n y escritos de - San Juan de la Cruz. \u00dabeda.<\/title>\n<meta name=\"robots\" content=\"index, follow, max-snippet:-1, max-image-preview:large, max-video-preview:-1\" \/>\n<link rel=\"canonical\" href=\"https:\/\/www.sanjuandelacruzubeda.com\/en\/the-week-of-st-john-of-the-cross\/\" \/>\n<meta property=\"og:locale\" content=\"en_US\" \/>\n<meta property=\"og:type\" content=\"article\" \/>\n<meta property=\"og:title\" content=\"The Week of St John of the Cross - Museo, Casa de espiritualidad y toda la informaci\u00f3n y escritos de - San Juan de la Cruz. \u00dabeda.\" \/>\n<meta property=\"og:description\" content=\"The Week of St John of the Cross Since 1977 the Discalced Carmelites community organises a feast in honour of St John of the Cross in \u00dabeda. Supported by the local city council and the &quot;Hospital de Santiago&quot;, it is celebrated every year during the second week of November. The first day, the official opening [&hellip;]\" \/>\n<meta property=\"og:url\" content=\"https:\/\/www.sanjuandelacruzubeda.com\/en\/the-week-of-st-john-of-the-cross\/\" \/>\n<meta property=\"og:site_name\" content=\"Museo, Casa de espiritualidad y toda la informaci\u00f3n y escritos de - San Juan de la Cruz. \u00dabeda.\" \/>\n<meta property=\"article:modified_time\" content=\"2023-12-13T11:11:03+00:00\" \/>\n<meta property=\"og:image\" content=\"https:\/\/www.sanjuandelacruzubeda.com\/wp-content\/uploads\/2023\/10\/03_banner_semana.jpg\" \/>\n\t<meta property=\"og:image:width\" content=\"1950\" \/>\n\t<meta property=\"og:image:height\" content=\"300\" \/>\n\t<meta property=\"og:image:type\" content=\"image\/jpeg\" \/>\n<meta name=\"twitter:card\" content=\"summary_large_image\" \/>\n<meta name=\"twitter:label1\" content=\"Est. reading time\" \/>\n\t<meta name=\"twitter:data1\" content=\"2 minutes\" \/>\n<script type=\"application\/ld+json\" class=\"yoast-schema-graph\">{\"@context\":\"https:\\\/\\\/schema.org\",\"@graph\":[{\"@type\":\"WebPage\",\"@id\":\"https:\\\/\\\/www.sanjuandelacruzubeda.com\\\/en\\\/the-week-of-st-john-of-the-cross\\\/\",\"url\":\"https:\\\/\\\/www.sanjuandelacruzubeda.com\\\/en\\\/the-week-of-st-john-of-the-cross\\\/\",\"name\":\"The Week of St John of the Cross - Museo, Casa de espiritualidad y toda la informaci\u00f3n y escritos de - San Juan de la Cruz. \u00dabeda.\",\"isPartOf\":{\"@id\":\"https:\\\/\\\/www.sanjuandelacruzubeda.com\\\/en\\\/#website\"},\"primaryImageOfPage\":{\"@id\":\"https:\\\/\\\/www.sanjuandelacruzubeda.com\\\/en\\\/the-week-of-st-john-of-the-cross\\\/#primaryimage\"},\"image\":{\"@id\":\"https:\\\/\\\/www.sanjuandelacruzubeda.com\\\/en\\\/the-week-of-st-john-of-the-cross\\\/#primaryimage\"},\"thumbnailUrl\":\"https:\\\/\\\/www.sanjuandelacruzubeda.com\\\/wp-content\\\/uploads\\\/2023\\\/10\\\/03_banner_semana.jpg\",\"datePublished\":\"2023-10-19T09:21:32+00:00\",\"dateModified\":\"2023-12-13T11:11:03+00:00\",\"breadcrumb\":{\"@id\":\"https:\\\/\\\/www.sanjuandelacruzubeda.com\\\/en\\\/the-week-of-st-john-of-the-cross\\\/#breadcrumb\"},\"inLanguage\":\"en-US\",\"potentialAction\":[{\"@type\":\"ReadAction\",\"target\":[\"https:\\\/\\\/www.sanjuandelacruzubeda.com\\\/en\\\/the-week-of-st-john-of-the-cross\\\/\"]}]},{\"@type\":\"ImageObject\",\"inLanguage\":\"en-US\",\"@id\":\"https:\\\/\\\/www.sanjuandelacruzubeda.com\\\/en\\\/the-week-of-st-john-of-the-cross\\\/#primaryimage\",\"url\":\"https:\\\/\\\/www.sanjuandelacruzubeda.com\\\/wp-content\\\/uploads\\\/2023\\\/10\\\/03_banner_semana.jpg\",\"contentUrl\":\"https:\\\/\\\/www.sanjuandelacruzubeda.com\\\/wp-content\\\/uploads\\\/2023\\\/10\\\/03_banner_semana.jpg\",\"width\":1950,\"height\":300},{\"@type\":\"BreadcrumbList\",\"@id\":\"https:\\\/\\\/www.sanjuandelacruzubeda.com\\\/en\\\/the-week-of-st-john-of-the-cross\\\/#breadcrumb\",\"itemListElement\":[{\"@type\":\"ListItem\",\"position\":1,\"name\":\"Inicio\",\"item\":\"https:\\\/\\\/www.sanjuandelacruzubeda.com\\\/en\\\/\"},{\"@type\":\"ListItem\",\"position\":2,\"name\":\"The Week of St John of the Cross\"}]},{\"@type\":\"WebSite\",\"@id\":\"https:\\\/\\\/www.sanjuandelacruzubeda.com\\\/en\\\/#website\",\"url\":\"https:\\\/\\\/www.sanjuandelacruzubeda.com\\\/en\\\/\",\"name\":\"Museo, Casa de espiritualidad y toda la informaci\u00f3n y escritos de - San Juan de la Cruz. \u00dabeda.\",\"description\":\"\",\"potentialAction\":[{\"@type\":\"SearchAction\",\"target\":{\"@type\":\"EntryPoint\",\"urlTemplate\":\"https:\\\/\\\/www.sanjuandelacruzubeda.com\\\/en\\\/?s={search_term_string}\"},\"query-input\":{\"@type\":\"PropertyValueSpecification\",\"valueRequired\":true,\"valueName\":\"search_term_string\"}}],\"inLanguage\":\"en-US\"}]}<\/script>\n<!-- \/ Yoast SEO plugin. -->","yoast_head_json":{"title":"The Week of St John of the Cross - Museo, Casa de espiritualidad y toda la informaci\u00f3n y escritos de - San Juan de la Cruz. \u00dabeda.","robots":{"index":"index","follow":"follow","max-snippet":"max-snippet:-1","max-image-preview":"max-image-preview:large","max-video-preview":"max-video-preview:-1"},"canonical":"https:\/\/www.sanjuandelacruzubeda.com\/en\/the-week-of-st-john-of-the-cross\/","og_locale":"en_US","og_type":"article","og_title":"The Week of St John of the Cross - Museo, Casa de espiritualidad y toda la informaci\u00f3n y escritos de - San Juan de la Cruz. \u00dabeda.","og_description":"The Week of St John of the Cross Since 1977 the Discalced Carmelites community organises a feast in honour of St John of the Cross in \u00dabeda. Supported by the local city council and the \"Hospital de Santiago\", it is celebrated every year during the second week of November. The first day, the official opening [&hellip;]","og_url":"https:\/\/www.sanjuandelacruzubeda.com\/en\/the-week-of-st-john-of-the-cross\/","og_site_name":"Museo, Casa de espiritualidad y toda la informaci\u00f3n y escritos de - San Juan de la Cruz. \u00dabeda.","article_modified_time":"2023-12-13T11:11:03+00:00","og_image":[{"width":1950,"height":300,"url":"https:\/\/www.sanjuandelacruzubeda.com\/wp-content\/uploads\/2023\/10\/03_banner_semana.jpg","type":"image\/jpeg"}],"twitter_card":"summary_large_image","twitter_misc":{"Est. reading time":"2 minutes"},"schema":{"@context":"https:\/\/schema.org","@graph":[{"@type":"WebPage","@id":"https:\/\/www.sanjuandelacruzubeda.com\/en\/the-week-of-st-john-of-the-cross\/","url":"https:\/\/www.sanjuandelacruzubeda.com\/en\/the-week-of-st-john-of-the-cross\/","name":"The Week of St John of the Cross - Museo, Casa de espiritualidad y toda la informaci\u00f3n y escritos de - San Juan de la Cruz. \u00dabeda.","isPartOf":{"@id":"https:\/\/www.sanjuandelacruzubeda.com\/en\/#website"},"primaryImageOfPage":{"@id":"https:\/\/www.sanjuandelacruzubeda.com\/en\/the-week-of-st-john-of-the-cross\/#primaryimage"},"image":{"@id":"https:\/\/www.sanjuandelacruzubeda.com\/en\/the-week-of-st-john-of-the-cross\/#primaryimage"},"thumbnailUrl":"https:\/\/www.sanjuandelacruzubeda.com\/wp-content\/uploads\/2023\/10\/03_banner_semana.jpg","datePublished":"2023-10-19T09:21:32+00:00","dateModified":"2023-12-13T11:11:03+00:00","breadcrumb":{"@id":"https:\/\/www.sanjuandelacruzubeda.com\/en\/the-week-of-st-john-of-the-cross\/#breadcrumb"},"inLanguage":"en-US","potentialAction":[{"@type":"ReadAction","target":["https:\/\/www.sanjuandelacruzubeda.com\/en\/the-week-of-st-john-of-the-cross\/"]}]},{"@type":"ImageObject","inLanguage":"en-US","@id":"https:\/\/www.sanjuandelacruzubeda.com\/en\/the-week-of-st-john-of-the-cross\/#primaryimage","url":"https:\/\/www.sanjuandelacruzubeda.com\/wp-content\/uploads\/2023\/10\/03_banner_semana.jpg","contentUrl":"https:\/\/www.sanjuandelacruzubeda.com\/wp-content\/uploads\/2023\/10\/03_banner_semana.jpg","width":1950,"height":300},{"@type":"BreadcrumbList","@id":"https:\/\/www.sanjuandelacruzubeda.com\/en\/the-week-of-st-john-of-the-cross\/#breadcrumb","itemListElement":[{"@type":"ListItem","position":1,"name":"Inicio","item":"https:\/\/www.sanjuandelacruzubeda.com\/en\/"},{"@type":"ListItem","position":2,"name":"The Week of St John of the Cross"}]},{"@type":"WebSite","@id":"https:\/\/www.sanjuandelacruzubeda.com\/en\/#website","url":"https:\/\/www.sanjuandelacruzubeda.com\/en\/","name":"Museo, Casa de espiritualidad y toda la informaci\u00f3n y escritos de - San Juan de la Cruz. \u00dabeda.","description":"","potentialAction":[{"@type":"SearchAction","target":{"@type":"EntryPoint","urlTemplate":"https:\/\/www.sanjuandelacruzubeda.com\/en\/?s={search_term_string}"},"query-input":{"@type":"PropertyValueSpecification","valueRequired":true,"valueName":"search_term_string"}}],"inLanguage":"en-US"}]}},"_links":{"self":[{"href":"https:\/\/www.sanjuandelacruzubeda.com\/en\/wp-json\/wp\/v2\/pages\/8149","targetHints":{"allow":["GET"]}}],"collection":[{"href":"https:\/\/www.sanjuandelacruzubeda.com\/en\/wp-json\/wp\/v2\/pages"}],"about":[{"href":"https:\/\/www.sanjuandelacruzubeda.com\/en\/wp-json\/wp\/v2\/types\/page"}],"author":[{"embeddable":true,"href":"https:\/\/www.sanjuandelacruzubeda.com\/en\/wp-json\/wp\/v2\/users\/1"}],"replies":[{"embeddable":true,"href":"https:\/\/www.sanjuandelacruzubeda.com\/en\/wp-json\/wp\/v2\/comments?post=8149"}],"version-history":[{"count":3,"href":"https:\/\/www.sanjuandelacruzubeda.com\/en\/wp-json\/wp\/v2\/pages\/8149\/revisions"}],"predecessor-version":[{"id":8154,"href":"https:\/\/www.sanjuandelacruzubeda.com\/en\/wp-json\/wp\/v2\/pages\/8149\/revisions\/8154"}],"wp:featuredmedia":[{"embeddable":true,"href":"https:\/\/www.sanjuandelacruzubeda.com\/en\/wp-json\/wp\/v2\/media\/7696"}],"wp:attachment":[{"href":"https:\/\/www.sanjuandelacruzubeda.com\/en\/wp-json\/wp\/v2\/media?parent=8149"}],"curies":[{"name":"wp","href":"https:\/\/api.w.org\/{rel}","templated":true}]}}