{"id":8669,"date":"2024-01-11T10:32:24","date_gmt":"2024-01-11T09:32:24","guid":{"rendered":"https:\/\/www.sanjuandelacruzubeda.com\/events\/ejercicios-personalizados-fechas-a-convenir\/"},"modified":"2025-05-07T14:33:00","modified_gmt":"2025-05-07T12:33:00","slug":"ejercicios-personalizados-fechas-a-convenir","status":"publish","type":"ajde_events","link":"https:\/\/www.sanjuandelacruzubeda.com\/en\/events\/ejercicios-personalizados-fechas-a-convenir\/","title":{"rendered":"EJERCICIOS PERSONALIZADOS Fechas a convenir"},"content":{"rendered":"<p>Adem\u00e1s de las actividades programadas, cualquiera persona o grupo que desee hacer ejercicios espirituales, en este marco privilegiado que es el convento donde muri\u00f3 san Juan de la Cruz, tiene a dos religiosos a su disposici\u00f3n, y solo precisar\u00e1 ponerse de acuerdo con alguno de ellos (abajo se presentan brevemente).<\/p>\n<p>Inscripciones: <a href=\"mailto:juandelacruzubeda@gmail.com\">juandelacruzubeda@gmail.com<\/a> \/ 669 17 44 56 \/ 953 75 06 15<\/p>\n<p>Matr\u00edcula 150 \u20ac<\/p>\n<p>La persona que presente alg\u00fan tipo de dificultad econ\u00f3mica, para abonar el importe se\u00f1alado, puede comunic\u00e1rnoslo y trataremos de ayudarle<\/p>\n<p>&nbsp;<\/p>\n<div><b>Fray Francisco V\u00edctor L\u00f3pez Fern\u00e1ndez<\/b>, 16-VI-1951, es natural de Dos Torres (C\u00f3rdoba), y carmelita descalzo, ordenado sacerdote en 1978. Lleva a cabo su formaci\u00f3n acad\u00e9mica en la Facultad de Teolog\u00eda de Granada (licenciado en Estudios Eclesi\u00e1sticos) y en el Pontificio Instituto de Espiritualidad-Teresianum (Licenciado en Teolog\u00eda Espiritual. Tesina: La purificaci\u00f3n de la voluntad en la Subida del Monte Carmelo de San Juan de la Cruz). En el a\u00f1o 1989-1990 realiza el curso<i>\u00a0<\/i>acad\u00e9mico<i>\u00a0<\/i>en la Universidad de la M\u00edstica (CITeS), perteneciente a la Universidad Cat\u00f3lica de \u00c1vila. Por otra parte, su campo de trabajo pastoral se desarrolla en el \u00e1mbito de la formaci\u00f3n OCD y docencia, en centros de ense\u00f1anzas concertados, como en el acompa\u00f1amiento del Carmelo Seglar, divulgando la espiritualidad a trav\u00e9s de la predicaci\u00f3n, el acompa\u00f1amiento espiritual, tandas de ejercicios y colaboraci\u00f3n en art\u00edculos y conferencias.<\/div>\n<p>&nbsp;<\/p>\n<p><b>Fray Antonio \u00c1ngel S\u00e1nchez Cabezas <\/b>naci\u00f3 en C\u00f3rdoba (Espa\u00f1a) el 20 de febrero de 1974 y es carmelita descalzo desde los 18 a\u00f1os. Licenciado en Teolog\u00eda por la Facultad de Granada en 1998, hizo la especializaci\u00f3n en Espiritualidad durante los dos cursos siguientes entre el Centro Internacional Teresiano-Sanjuanista de \u00c1vila (CITeS) y la Universidad Pontificia de Comillas (Madrid), finaliz\u00e1ndola con una tesina titulada \u201cLa soledad sonora. Riqueza de la palabra, y la vivencia, en S. Juan de la Cruz, e implicaciones pedag\u00f3gicas\u201d. Podr\u00eda decirse que su misi\u00f3n principal desde entonces \u2014en medio de las muchas y variadas encomiendas y tareas\u2014 ha sido la de divulgador de espiritualidad carmelitana a trav\u00e9s de la predicaci\u00f3n, el acompa\u00f1amiento espiritual, cursos peri\u00f3dicos (especialmente de S. Teresa, S. Juan de la Cruz y S. Teresita), tandas de ejercicios y alg\u00fan art\u00edculo y conferencia.<\/p>\n<p>&nbsp;<\/p>\n<p>Ambos religiosos est\u00e1n tambi\u00e9n disponibles para acompa\u00f1ar ejercicios espirituales en otros lugares<\/p>\n","protected":false},"author":1,"featured_media":7000,"menu_order":0,"comment_status":"open","ping_status":"closed","template":"","meta":{"_acf_changed":false,"_et_pb_use_builder":"","_et_pb_old_content":"","_et_gb_content_width":""},"tags":[],"event_type":[31],"event_type_2":[],"class_list":["post-8669","ajde_events","type-ajde_events","status-publish","has-post-thumbnail","hentry","event_location-casa-de-espiritualidad-san-juan-de-la-cruz","event_type-ejercicios-espirituales"],"acf":[],"yoast_head":"<!-- This site is optimized with the Yoast SEO plugin v27.5 - https:\/\/yoast.com\/product\/yoast-seo-wordpress\/ -->\n<title>EJERCICIOS PERSONALIZADOS Fechas a convenir - Museo, Casa de espiritualidad y toda la informaci\u00f3n y escritos de - San Juan de la Cruz. \u00dabeda.<\/title>\n<meta name=\"robots\" content=\"index, follow, max-snippet:-1, max-image-preview:large, max-video-preview:-1\" \/>\n<link rel=\"canonical\" href=\"https:\/\/www.sanjuandelacruzubeda.com\/en\/events\/ejercicios-personalizados-fechas-a-convenir\/\" \/>\n<meta property=\"og:locale\" content=\"en_US\" \/>\n<meta property=\"og:type\" content=\"article\" \/>\n<meta property=\"og:title\" content=\"EJERCICIOS PERSONALIZADOS Fechas a convenir - Museo, Casa de espiritualidad y toda la informaci\u00f3n y escritos de - San Juan de la Cruz. \u00dabeda.\" \/>\n<meta property=\"og:description\" content=\"Adem\u00e1s de las actividades programadas, cualquiera persona o grupo que desee hacer ejercicios espirituales, en este marco privilegiado que es el convento donde muri\u00f3 san Juan de la Cruz, tiene a dos religiosos a su disposici\u00f3n, y solo precisar\u00e1 ponerse de acuerdo con alguno de ellos (abajo se presentan brevemente). Inscripciones: juandelacruzubeda@gmail.com \/ 669 17 [&hellip;]\" \/>\n<meta property=\"og:url\" content=\"https:\/\/www.sanjuandelacruzubeda.com\/en\/events\/ejercicios-personalizados-fechas-a-convenir\/\" \/>\n<meta property=\"og:site_name\" content=\"Museo, Casa de espiritualidad y toda la informaci\u00f3n y escritos de - San Juan de la Cruz. \u00dabeda.\" \/>\n<meta property=\"article:modified_time\" content=\"2025-05-07T12:33:00+00:00\" \/>\n<meta property=\"og:image\" content=\"https:\/\/www.sanjuandelacruzubeda.com\/wp-content\/uploads\/2023\/11\/sjcz-scaled.jpg\" \/>\n\t<meta property=\"og:image:width\" content=\"2560\" \/>\n\t<meta property=\"og:image:height\" content=\"1708\" \/>\n\t<meta property=\"og:image:type\" content=\"image\/jpeg\" \/>\n<meta name=\"twitter:card\" content=\"summary_large_image\" \/>\n<meta name=\"twitter:label1\" content=\"Est. reading time\" \/>\n\t<meta name=\"twitter:data1\" content=\"2 minutes\" \/>\n<script type=\"application\/ld+json\" class=\"yoast-schema-graph\">{\"@context\":\"https:\\\/\\\/schema.org\",\"@graph\":[{\"@type\":\"WebPage\",\"@id\":\"https:\\\/\\\/www.sanjuandelacruzubeda.com\\\/en\\\/events\\\/ejercicios-personalizados-fechas-a-convenir\\\/\",\"url\":\"https:\\\/\\\/www.sanjuandelacruzubeda.com\\\/en\\\/events\\\/ejercicios-personalizados-fechas-a-convenir\\\/\",\"name\":\"EJERCICIOS PERSONALIZADOS Fechas a convenir - Museo, Casa de espiritualidad y toda la informaci\u00f3n y escritos de - San Juan de la Cruz. \u00dabeda.\",\"isPartOf\":{\"@id\":\"https:\\\/\\\/www.sanjuandelacruzubeda.com\\\/en\\\/#website\"},\"primaryImageOfPage\":{\"@id\":\"https:\\\/\\\/www.sanjuandelacruzubeda.com\\\/en\\\/events\\\/ejercicios-personalizados-fechas-a-convenir\\\/#primaryimage\"},\"image\":{\"@id\":\"https:\\\/\\\/www.sanjuandelacruzubeda.com\\\/en\\\/events\\\/ejercicios-personalizados-fechas-a-convenir\\\/#primaryimage\"},\"thumbnailUrl\":\"https:\\\/\\\/www.sanjuandelacruzubeda.com\\\/wp-content\\\/uploads\\\/2023\\\/11\\\/sjcz-scaled.jpg\",\"datePublished\":\"2024-01-11T09:32:24+00:00\",\"dateModified\":\"2025-05-07T12:33:00+00:00\",\"breadcrumb\":{\"@id\":\"https:\\\/\\\/www.sanjuandelacruzubeda.com\\\/en\\\/events\\\/ejercicios-personalizados-fechas-a-convenir\\\/#breadcrumb\"},\"inLanguage\":\"en-US\",\"potentialAction\":[{\"@type\":\"ReadAction\",\"target\":[\"https:\\\/\\\/www.sanjuandelacruzubeda.com\\\/en\\\/events\\\/ejercicios-personalizados-fechas-a-convenir\\\/\"]}]},{\"@type\":\"ImageObject\",\"inLanguage\":\"en-US\",\"@id\":\"https:\\\/\\\/www.sanjuandelacruzubeda.com\\\/en\\\/events\\\/ejercicios-personalizados-fechas-a-convenir\\\/#primaryimage\",\"url\":\"https:\\\/\\\/www.sanjuandelacruzubeda.com\\\/wp-content\\\/uploads\\\/2023\\\/11\\\/sjcz-scaled.jpg\",\"contentUrl\":\"https:\\\/\\\/www.sanjuandelacruzubeda.com\\\/wp-content\\\/uploads\\\/2023\\\/11\\\/sjcz-scaled.jpg\",\"width\":2560,\"height\":1708},{\"@type\":\"BreadcrumbList\",\"@id\":\"https:\\\/\\\/www.sanjuandelacruzubeda.com\\\/en\\\/events\\\/ejercicios-personalizados-fechas-a-convenir\\\/#breadcrumb\",\"itemListElement\":[{\"@type\":\"ListItem\",\"position\":1,\"name\":\"Inicio\",\"item\":\"https:\\\/\\\/www.sanjuandelacruzubeda.com\\\/en\\\/\"},{\"@type\":\"ListItem\",\"position\":2,\"name\":\"Events\",\"item\":\"https:\\\/\\\/www.sanjuandelacruzubeda.com\\\/en\\\/events\\\/\"},{\"@type\":\"ListItem\",\"position\":3,\"name\":\"EJERCICIOS PERSONALIZADOS Fechas a convenir\"}]},{\"@type\":\"WebSite\",\"@id\":\"https:\\\/\\\/www.sanjuandelacruzubeda.com\\\/en\\\/#website\",\"url\":\"https:\\\/\\\/www.sanjuandelacruzubeda.com\\\/en\\\/\",\"name\":\"Museo, Casa de espiritualidad y toda la informaci\u00f3n y escritos de - San Juan de la Cruz. \u00dabeda.\",\"description\":\"\",\"potentialAction\":[{\"@type\":\"SearchAction\",\"target\":{\"@type\":\"EntryPoint\",\"urlTemplate\":\"https:\\\/\\\/www.sanjuandelacruzubeda.com\\\/en\\\/?s={search_term_string}\"},\"query-input\":{\"@type\":\"PropertyValueSpecification\",\"valueRequired\":true,\"valueName\":\"search_term_string\"}}],\"inLanguage\":\"en-US\"}]}<\/script>\n<!-- \/ Yoast SEO plugin. -->","yoast_head_json":{"title":"EJERCICIOS PERSONALIZADOS Fechas a convenir - Museo, Casa de espiritualidad y toda la informaci\u00f3n y escritos de - San Juan de la Cruz. \u00dabeda.","robots":{"index":"index","follow":"follow","max-snippet":"max-snippet:-1","max-image-preview":"max-image-preview:large","max-video-preview":"max-video-preview:-1"},"canonical":"https:\/\/www.sanjuandelacruzubeda.com\/en\/events\/ejercicios-personalizados-fechas-a-convenir\/","og_locale":"en_US","og_type":"article","og_title":"EJERCICIOS PERSONALIZADOS Fechas a convenir - Museo, Casa de espiritualidad y toda la informaci\u00f3n y escritos de - San Juan de la Cruz. \u00dabeda.","og_description":"Adem\u00e1s de las actividades programadas, cualquiera persona o grupo que desee hacer ejercicios espirituales, en este marco privilegiado que es el convento donde muri\u00f3 san Juan de la Cruz, tiene a dos religiosos a su disposici\u00f3n, y solo precisar\u00e1 ponerse de acuerdo con alguno de ellos (abajo se presentan brevemente). Inscripciones: juandelacruzubeda@gmail.com \/ 669 17 [&hellip;]","og_url":"https:\/\/www.sanjuandelacruzubeda.com\/en\/events\/ejercicios-personalizados-fechas-a-convenir\/","og_site_name":"Museo, Casa de espiritualidad y toda la informaci\u00f3n y escritos de - San Juan de la Cruz. \u00dabeda.","article_modified_time":"2025-05-07T12:33:00+00:00","og_image":[{"width":2560,"height":1708,"url":"https:\/\/www.sanjuandelacruzubeda.com\/wp-content\/uploads\/2023\/11\/sjcz-scaled.jpg","type":"image\/jpeg"}],"twitter_card":"summary_large_image","twitter_misc":{"Est. reading time":"2 minutes"},"schema":{"@context":"https:\/\/schema.org","@graph":[{"@type":"WebPage","@id":"https:\/\/www.sanjuandelacruzubeda.com\/en\/events\/ejercicios-personalizados-fechas-a-convenir\/","url":"https:\/\/www.sanjuandelacruzubeda.com\/en\/events\/ejercicios-personalizados-fechas-a-convenir\/","name":"EJERCICIOS PERSONALIZADOS Fechas a convenir - Museo, Casa de espiritualidad y toda la informaci\u00f3n y escritos de - San Juan de la Cruz. \u00dabeda.","isPartOf":{"@id":"https:\/\/www.sanjuandelacruzubeda.com\/en\/#website"},"primaryImageOfPage":{"@id":"https:\/\/www.sanjuandelacruzubeda.com\/en\/events\/ejercicios-personalizados-fechas-a-convenir\/#primaryimage"},"image":{"@id":"https:\/\/www.sanjuandelacruzubeda.com\/en\/events\/ejercicios-personalizados-fechas-a-convenir\/#primaryimage"},"thumbnailUrl":"https:\/\/www.sanjuandelacruzubeda.com\/wp-content\/uploads\/2023\/11\/sjcz-scaled.jpg","datePublished":"2024-01-11T09:32:24+00:00","dateModified":"2025-05-07T12:33:00+00:00","breadcrumb":{"@id":"https:\/\/www.sanjuandelacruzubeda.com\/en\/events\/ejercicios-personalizados-fechas-a-convenir\/#breadcrumb"},"inLanguage":"en-US","potentialAction":[{"@type":"ReadAction","target":["https:\/\/www.sanjuandelacruzubeda.com\/en\/events\/ejercicios-personalizados-fechas-a-convenir\/"]}]},{"@type":"ImageObject","inLanguage":"en-US","@id":"https:\/\/www.sanjuandelacruzubeda.com\/en\/events\/ejercicios-personalizados-fechas-a-convenir\/#primaryimage","url":"https:\/\/www.sanjuandelacruzubeda.com\/wp-content\/uploads\/2023\/11\/sjcz-scaled.jpg","contentUrl":"https:\/\/www.sanjuandelacruzubeda.com\/wp-content\/uploads\/2023\/11\/sjcz-scaled.jpg","width":2560,"height":1708},{"@type":"BreadcrumbList","@id":"https:\/\/www.sanjuandelacruzubeda.com\/en\/events\/ejercicios-personalizados-fechas-a-convenir\/#breadcrumb","itemListElement":[{"@type":"ListItem","position":1,"name":"Inicio","item":"https:\/\/www.sanjuandelacruzubeda.com\/en\/"},{"@type":"ListItem","position":2,"name":"Events","item":"https:\/\/www.sanjuandelacruzubeda.com\/en\/events\/"},{"@type":"ListItem","position":3,"name":"EJERCICIOS PERSONALIZADOS Fechas a convenir"}]},{"@type":"WebSite","@id":"https:\/\/www.sanjuandelacruzubeda.com\/en\/#website","url":"https:\/\/www.sanjuandelacruzubeda.com\/en\/","name":"Museo, Casa de espiritualidad y toda la informaci\u00f3n y escritos de - San Juan de la Cruz. \u00dabeda.","description":"","potentialAction":[{"@type":"SearchAction","target":{"@type":"EntryPoint","urlTemplate":"https:\/\/www.sanjuandelacruzubeda.com\/en\/?s={search_term_string}"},"query-input":{"@type":"PropertyValueSpecification","valueRequired":true,"valueName":"search_term_string"}}],"inLanguage":"en-US"}]}},"_links":{"self":[{"href":"https:\/\/www.sanjuandelacruzubeda.com\/en\/wp-json\/wp\/v2\/ajde_events\/8669","targetHints":{"allow":["GET"]}}],"collection":[{"href":"https:\/\/www.sanjuandelacruzubeda.com\/en\/wp-json\/wp\/v2\/ajde_events"}],"about":[{"href":"https:\/\/www.sanjuandelacruzubeda.com\/en\/wp-json\/wp\/v2\/types\/ajde_events"}],"author":[{"embeddable":true,"href":"https:\/\/www.sanjuandelacruzubeda.com\/en\/wp-json\/wp\/v2\/users\/1"}],"replies":[{"embeddable":true,"href":"https:\/\/www.sanjuandelacruzubeda.com\/en\/wp-json\/wp\/v2\/comments?post=8669"}],"wp:featuredmedia":[{"embeddable":true,"href":"https:\/\/www.sanjuandelacruzubeda.com\/en\/wp-json\/wp\/v2\/media\/7000"}],"wp:attachment":[{"href":"https:\/\/www.sanjuandelacruzubeda.com\/en\/wp-json\/wp\/v2\/media?parent=8669"}],"wp:term":[{"taxonomy":"post_tag","embeddable":true,"href":"https:\/\/www.sanjuandelacruzubeda.com\/en\/wp-json\/wp\/v2\/tags?post=8669"},{"taxonomy":"event_type","embeddable":true,"href":"https:\/\/www.sanjuandelacruzubeda.com\/en\/wp-json\/wp\/v2\/event_type?post=8669"},{"taxonomy":"event_type_2","embeddable":true,"href":"https:\/\/www.sanjuandelacruzubeda.com\/en\/wp-json\/wp\/v2\/event_type_2?post=8669"}],"curies":[{"name":"wp","href":"https:\/\/api.w.org\/{rel}","templated":true}]}}