{"id":10128,"date":"2026-03-17T13:17:42","date_gmt":"2026-03-17T12:17:42","guid":{"rendered":"https:\/\/www.sanjuandelacruzubeda.com\/?post_type=ajde_events&#038;p=10128"},"modified":"2026-03-17T13:17:42","modified_gmt":"2026-03-17T12:17:42","slug":"exposicion-escuela-de-arte-de-ubeda","status":"publish","type":"ajde_events","link":"https:\/\/www.sanjuandelacruzubeda.com\/en\/events\/exposicion-escuela-de-arte-de-ubeda\/","title":{"rendered":"Exposici\u00f3n Escuela de Arte de \u00dabeda"},"content":{"rendered":"<p>La \u201cEscuela de Arte Casa de las Torres\u201d ha tenido como tema vertebrador de su formaci\u00f3n y trabajos durante este curso a San Juan de la Cruz, con motivo del A\u00f1o Jubilar en su honor; tanto por co-patr\u00f3n de la ciudad como, sobre todo, por ser el santo un artista de prestigio internacional, gracias a la calidad y la calidez de su poes\u00eda. As\u00ed pues la tradicional exposici\u00f3n de fin de curso de la Escuela de Arte estar\u00e1 conformada este a\u00f1o por trabajos de sus alumnos relacionados con el m\u00edstico carmelita, su experiencia y su obra<\/p>\n<p>Inauguraci\u00f3n y fechas de permanencia a\u00fan pendientes de confirmaci\u00f3n<br \/>\nLugar: Hospital de Santiago de \u00dabeda<\/p>\n","protected":false},"author":2,"featured_media":-1,"menu_order":0,"comment_status":"closed","ping_status":"closed","template":"","meta":{"_acf_changed":false,"_et_pb_use_builder":"","_et_pb_old_content":"","_et_gb_content_width":""},"tags":[],"event_type":[80],"event_type_2":[75],"class_list":["post-10128","ajde_events","type-ajde_events","status-publish","has-post-thumbnail","hentry","event_location-hospital-de-santiago","event_type-ano-jubilar","event_type_2-insulas-extranas"],"acf":[],"yoast_head":"<!-- This site is optimized with the Yoast SEO plugin v27.5 - https:\/\/yoast.com\/product\/yoast-seo-wordpress\/ -->\n<title>Exposici\u00f3n Escuela de Arte de \u00dabeda - Museo, Casa de espiritualidad y toda la informaci\u00f3n y escritos de - San Juan de la Cruz. \u00dabeda.<\/title>\n<meta name=\"robots\" content=\"index, follow, max-snippet:-1, max-image-preview:large, max-video-preview:-1\" \/>\n<link rel=\"canonical\" href=\"https:\/\/www.sanjuandelacruzubeda.com\/en\/events\/exposicion-escuela-de-arte-de-ubeda\/\" \/>\n<meta property=\"og:locale\" content=\"en_US\" \/>\n<meta property=\"og:type\" content=\"article\" \/>\n<meta property=\"og:title\" content=\"Exposici\u00f3n Escuela de Arte de \u00dabeda - Museo, Casa de espiritualidad y toda la informaci\u00f3n y escritos de - San Juan de la Cruz. \u00dabeda.\" \/>\n<meta property=\"og:description\" content=\"La \u201cEscuela de Arte Casa de las Torres\u201d ha tenido como tema vertebrador de su formaci\u00f3n y trabajos durante este curso a San Juan de la Cruz, con motivo del A\u00f1o Jubilar en su honor; tanto por co-patr\u00f3n de la ciudad como, sobre todo, por ser el santo un artista de prestigio internacional, gracias a [&hellip;]\" \/>\n<meta property=\"og:url\" content=\"https:\/\/www.sanjuandelacruzubeda.com\/en\/events\/exposicion-escuela-de-arte-de-ubeda\/\" \/>\n<meta property=\"og:site_name\" content=\"Museo, Casa de espiritualidad y toda la informaci\u00f3n y escritos de - San Juan de la Cruz. \u00dabeda.\" \/>\n<meta name=\"twitter:card\" content=\"summary_large_image\" \/>\n<script type=\"application\/ld+json\" class=\"yoast-schema-graph\">{\"@context\":\"https:\\\/\\\/schema.org\",\"@graph\":[{\"@type\":\"WebPage\",\"@id\":\"https:\\\/\\\/www.sanjuandelacruzubeda.com\\\/en\\\/events\\\/exposicion-escuela-de-arte-de-ubeda\\\/\",\"url\":\"https:\\\/\\\/www.sanjuandelacruzubeda.com\\\/en\\\/events\\\/exposicion-escuela-de-arte-de-ubeda\\\/\",\"name\":\"Exposici\u00f3n Escuela de Arte de \u00dabeda - Museo, Casa de espiritualidad y toda la informaci\u00f3n y escritos de - San Juan de la Cruz. \u00dabeda.\",\"isPartOf\":{\"@id\":\"https:\\\/\\\/www.sanjuandelacruzubeda.com\\\/en\\\/#website\"},\"datePublished\":\"2026-03-17T12:17:42+00:00\",\"breadcrumb\":{\"@id\":\"https:\\\/\\\/www.sanjuandelacruzubeda.com\\\/en\\\/events\\\/exposicion-escuela-de-arte-de-ubeda\\\/#breadcrumb\"},\"inLanguage\":\"en-US\",\"potentialAction\":[{\"@type\":\"ReadAction\",\"target\":[\"https:\\\/\\\/www.sanjuandelacruzubeda.com\\\/en\\\/events\\\/exposicion-escuela-de-arte-de-ubeda\\\/\"]}]},{\"@type\":\"BreadcrumbList\",\"@id\":\"https:\\\/\\\/www.sanjuandelacruzubeda.com\\\/en\\\/events\\\/exposicion-escuela-de-arte-de-ubeda\\\/#breadcrumb\",\"itemListElement\":[{\"@type\":\"ListItem\",\"position\":1,\"name\":\"Inicio\",\"item\":\"https:\\\/\\\/www.sanjuandelacruzubeda.com\\\/en\\\/\"},{\"@type\":\"ListItem\",\"position\":2,\"name\":\"Events\",\"item\":\"https:\\\/\\\/www.sanjuandelacruzubeda.com\\\/en\\\/events\\\/\"},{\"@type\":\"ListItem\",\"position\":3,\"name\":\"Exposici\u00f3n Escuela de Arte de \u00dabeda\"}]},{\"@type\":\"WebSite\",\"@id\":\"https:\\\/\\\/www.sanjuandelacruzubeda.com\\\/en\\\/#website\",\"url\":\"https:\\\/\\\/www.sanjuandelacruzubeda.com\\\/en\\\/\",\"name\":\"Museo, Casa de espiritualidad y toda la informaci\u00f3n y escritos de - San Juan de la Cruz. \u00dabeda.\",\"description\":\"\",\"potentialAction\":[{\"@type\":\"SearchAction\",\"target\":{\"@type\":\"EntryPoint\",\"urlTemplate\":\"https:\\\/\\\/www.sanjuandelacruzubeda.com\\\/en\\\/?s={search_term_string}\"},\"query-input\":{\"@type\":\"PropertyValueSpecification\",\"valueRequired\":true,\"valueName\":\"search_term_string\"}}],\"inLanguage\":\"en-US\"}]}<\/script>\n<!-- \/ Yoast SEO plugin. -->","yoast_head_json":{"title":"Exposici\u00f3n Escuela de Arte de \u00dabeda - Museo, Casa de espiritualidad y toda la informaci\u00f3n y escritos de - San Juan de la Cruz. \u00dabeda.","robots":{"index":"index","follow":"follow","max-snippet":"max-snippet:-1","max-image-preview":"max-image-preview:large","max-video-preview":"max-video-preview:-1"},"canonical":"https:\/\/www.sanjuandelacruzubeda.com\/en\/events\/exposicion-escuela-de-arte-de-ubeda\/","og_locale":"en_US","og_type":"article","og_title":"Exposici\u00f3n Escuela de Arte de \u00dabeda - Museo, Casa de espiritualidad y toda la informaci\u00f3n y escritos de - San Juan de la Cruz. \u00dabeda.","og_description":"La \u201cEscuela de Arte Casa de las Torres\u201d ha tenido como tema vertebrador de su formaci\u00f3n y trabajos durante este curso a San Juan de la Cruz, con motivo del A\u00f1o Jubilar en su honor; tanto por co-patr\u00f3n de la ciudad como, sobre todo, por ser el santo un artista de prestigio internacional, gracias a [&hellip;]","og_url":"https:\/\/www.sanjuandelacruzubeda.com\/en\/events\/exposicion-escuela-de-arte-de-ubeda\/","og_site_name":"Museo, Casa de espiritualidad y toda la informaci\u00f3n y escritos de - San Juan de la Cruz. \u00dabeda.","twitter_card":"summary_large_image","schema":{"@context":"https:\/\/schema.org","@graph":[{"@type":"WebPage","@id":"https:\/\/www.sanjuandelacruzubeda.com\/en\/events\/exposicion-escuela-de-arte-de-ubeda\/","url":"https:\/\/www.sanjuandelacruzubeda.com\/en\/events\/exposicion-escuela-de-arte-de-ubeda\/","name":"Exposici\u00f3n Escuela de Arte de \u00dabeda - Museo, Casa de espiritualidad y toda la informaci\u00f3n y escritos de - San Juan de la Cruz. \u00dabeda.","isPartOf":{"@id":"https:\/\/www.sanjuandelacruzubeda.com\/en\/#website"},"datePublished":"2026-03-17T12:17:42+00:00","breadcrumb":{"@id":"https:\/\/www.sanjuandelacruzubeda.com\/en\/events\/exposicion-escuela-de-arte-de-ubeda\/#breadcrumb"},"inLanguage":"en-US","potentialAction":[{"@type":"ReadAction","target":["https:\/\/www.sanjuandelacruzubeda.com\/en\/events\/exposicion-escuela-de-arte-de-ubeda\/"]}]},{"@type":"BreadcrumbList","@id":"https:\/\/www.sanjuandelacruzubeda.com\/en\/events\/exposicion-escuela-de-arte-de-ubeda\/#breadcrumb","itemListElement":[{"@type":"ListItem","position":1,"name":"Inicio","item":"https:\/\/www.sanjuandelacruzubeda.com\/en\/"},{"@type":"ListItem","position":2,"name":"Events","item":"https:\/\/www.sanjuandelacruzubeda.com\/en\/events\/"},{"@type":"ListItem","position":3,"name":"Exposici\u00f3n Escuela de Arte de \u00dabeda"}]},{"@type":"WebSite","@id":"https:\/\/www.sanjuandelacruzubeda.com\/en\/#website","url":"https:\/\/www.sanjuandelacruzubeda.com\/en\/","name":"Museo, Casa de espiritualidad y toda la informaci\u00f3n y escritos de - San Juan de la Cruz. \u00dabeda.","description":"","potentialAction":[{"@type":"SearchAction","target":{"@type":"EntryPoint","urlTemplate":"https:\/\/www.sanjuandelacruzubeda.com\/en\/?s={search_term_string}"},"query-input":{"@type":"PropertyValueSpecification","valueRequired":true,"valueName":"search_term_string"}}],"inLanguage":"en-US"}]}},"_links":{"self":[{"href":"https:\/\/www.sanjuandelacruzubeda.com\/en\/wp-json\/wp\/v2\/ajde_events\/10128","targetHints":{"allow":["GET"]}}],"collection":[{"href":"https:\/\/www.sanjuandelacruzubeda.com\/en\/wp-json\/wp\/v2\/ajde_events"}],"about":[{"href":"https:\/\/www.sanjuandelacruzubeda.com\/en\/wp-json\/wp\/v2\/types\/ajde_events"}],"author":[{"embeddable":true,"href":"https:\/\/www.sanjuandelacruzubeda.com\/en\/wp-json\/wp\/v2\/users\/2"}],"replies":[{"embeddable":true,"href":"https:\/\/www.sanjuandelacruzubeda.com\/en\/wp-json\/wp\/v2\/comments?post=10128"}],"wp:featuredmedia":[{"embeddable":true,"href":"https:\/\/www.sanjuandelacruzubeda.com\/en\/wp-json\/"}],"wp:attachment":[{"href":"https:\/\/www.sanjuandelacruzubeda.com\/en\/wp-json\/wp\/v2\/media?parent=10128"}],"wp:term":[{"taxonomy":"post_tag","embeddable":true,"href":"https:\/\/www.sanjuandelacruzubeda.com\/en\/wp-json\/wp\/v2\/tags?post=10128"},{"taxonomy":"event_type","embeddable":true,"href":"https:\/\/www.sanjuandelacruzubeda.com\/en\/wp-json\/wp\/v2\/event_type?post=10128"},{"taxonomy":"event_type_2","embeddable":true,"href":"https:\/\/www.sanjuandelacruzubeda.com\/en\/wp-json\/wp\/v2\/event_type_2?post=10128"}],"curies":[{"name":"wp","href":"https:\/\/api.w.org\/{rel}","templated":true}]}}