{"id":10127,"date":"2026-03-17T13:15:21","date_gmt":"2026-03-17T12:15:21","guid":{"rendered":"https:\/\/www.sanjuandelacruzubeda.com\/?post_type=ajde_events&#038;p=10127"},"modified":"2026-04-14T12:29:53","modified_gmt":"2026-04-14T10:29:53","slug":"en-baeza-exposicion-el-pecho-del-amor-muy-lastimado","status":"publish","type":"ajde_events","link":"https:\/\/www.sanjuandelacruzubeda.com\/en\/events\/en-baeza-exposicion-el-pecho-del-amor-muy-lastimado\/","title":{"rendered":"En Baeza exposici\u00f3n \u201cEl pecho del amor muy lastimado\u201d"},"content":{"rendered":"<p>\u201cEl pecho del amor muy lastimado: variaciones del dibujo del Crucificado de San Juan de la Cruz\u201d es una exposici\u00f3n compuesta por obras de los siguientes artistas: los pintores Santiago Yd\u00e1\u00f1ez, Paco Monta\u00f1\u00e9s, Jes\u00fas Zurita, Mar\u00eda \u00c1ngeles D\u00edaz Barbado, Pepa Salas Vilar, Piedad Lozano, Pedro Moreno Arias \u201cPeris\u201d, Bernardino S\u00e1nchez Bayo, Rafael Peralbo, Manuel Garc\u00eda Villaca\u00f1as, Pedro L\u00edndez, Pepe Rodr\u00edguez, Juan Salda\u00f1a, Nicol\u00e1s de la Torre, Jos\u00e9 Ram\u00f3n S\u00e1nchez Herrera y Miguel Carini Capalbo, los escultores Antonio Espadas , Jes\u00fas Montoya y Tom\u00e1s Justicia, el maestro artesano de la forja Pepe Garrido \u201cTiznajo\u201d y los fot\u00f3grafos y los dise\u00f1adores gr\u00e1ficos Francisco Jos\u00e9 S\u00e1nchez Montalb\u00e1n, Nono S\u00e1nchez y Marcelo G\u00f3ngora (y quiz\u00e1 a\u00fan haya nuevas incorporaciones de artistas colaboradores)<\/p>\n<p>Todos ellos se han acercado con absoluta libertad de creaci\u00f3n a la primera obra que conservamos de San Juan de la Cruz: el peque\u00f1o dibujo del Crucificado, en una perspectiva tan original, que motiv\u00f3 a Salvador Dal\u00ed la realizaci\u00f3n de su famoso \u201cCristo de San Juan de la Cruz<\/p>\n<p>Aunque <strong>las fechas y el lugar de la exposici\u00f3n en Baeza a\u00fan est\u00e1n pendientes de confirmaci\u00f3n<\/strong>, confiamos en que podr\u00e1 realizarse en esta ciudad tan sanjuanista durante el mes de junio.<\/p>\n<p>S\u00ed est\u00e1 cerrada ya su presencia en el \u201cCentro Cultural de la Archidi\u00f3cesis\u201d de <strong>Granada<\/strong> desde el 17 de septiembre a finales de octubre y, adem\u00e1s, en la \u201cIglesia de San Lorenzo\u201d de <strong>\u00dabeda<\/strong> del 7 de noviembre al 17 de enero<\/p>\n","protected":false},"author":2,"featured_media":-1,"menu_order":0,"comment_status":"closed","ping_status":"closed","template":"","meta":{"_acf_changed":false,"_et_pb_use_builder":"","_et_pb_old_content":"","_et_gb_content_width":""},"tags":[],"event_type":[80],"event_type_2":[],"class_list":["post-10127","ajde_events","type-ajde_events","status-publish","has-post-thumbnail","hentry","event_type-ano-jubilar"],"acf":[],"yoast_head":"<!-- This site is optimized with the Yoast SEO plugin v27.5 - https:\/\/yoast.com\/product\/yoast-seo-wordpress\/ -->\n<title>En Baeza exposici\u00f3n \u201cEl pecho del amor muy lastimado\u201d - Museo, Casa de espiritualidad y toda la informaci\u00f3n y escritos de - San Juan de la Cruz. \u00dabeda.<\/title>\n<meta name=\"robots\" content=\"index, follow, max-snippet:-1, max-image-preview:large, max-video-preview:-1\" \/>\n<link rel=\"canonical\" href=\"https:\/\/www.sanjuandelacruzubeda.com\/en\/events\/en-baeza-exposicion-el-pecho-del-amor-muy-lastimado\/\" \/>\n<meta property=\"og:locale\" content=\"en_US\" \/>\n<meta property=\"og:type\" content=\"article\" \/>\n<meta property=\"og:title\" content=\"En Baeza exposici\u00f3n \u201cEl pecho del amor muy lastimado\u201d - Museo, Casa de espiritualidad y toda la informaci\u00f3n y escritos de - San Juan de la Cruz. \u00dabeda.\" \/>\n<meta property=\"og:description\" content=\"\u201cEl pecho del amor muy lastimado: variaciones del dibujo del Crucificado de San Juan de la Cruz\u201d es una exposici\u00f3n compuesta por obras de los siguientes artistas: los pintores Santiago Yd\u00e1\u00f1ez, Paco Monta\u00f1\u00e9s, Jes\u00fas Zurita, Mar\u00eda \u00c1ngeles D\u00edaz Barbado, Pepa Salas Vilar, Piedad Lozano, Pedro Moreno Arias \u201cPeris\u201d, Bernardino S\u00e1nchez Bayo, Rafael Peralbo, Manuel Garc\u00eda [&hellip;]\" \/>\n<meta property=\"og:url\" content=\"https:\/\/www.sanjuandelacruzubeda.com\/en\/events\/en-baeza-exposicion-el-pecho-del-amor-muy-lastimado\/\" \/>\n<meta property=\"og:site_name\" content=\"Museo, Casa de espiritualidad y toda la informaci\u00f3n y escritos de - San Juan de la Cruz. \u00dabeda.\" \/>\n<meta property=\"article:modified_time\" content=\"2026-04-14T10:29:53+00:00\" \/>\n<meta name=\"twitter:card\" content=\"summary_large_image\" \/>\n<meta name=\"twitter:label1\" content=\"Est. reading time\" \/>\n\t<meta name=\"twitter:data1\" content=\"2 minutes\" \/>\n<script type=\"application\/ld+json\" class=\"yoast-schema-graph\">{\"@context\":\"https:\\\/\\\/schema.org\",\"@graph\":[{\"@type\":\"WebPage\",\"@id\":\"https:\\\/\\\/www.sanjuandelacruzubeda.com\\\/en\\\/events\\\/en-baeza-exposicion-el-pecho-del-amor-muy-lastimado\\\/\",\"url\":\"https:\\\/\\\/www.sanjuandelacruzubeda.com\\\/en\\\/events\\\/en-baeza-exposicion-el-pecho-del-amor-muy-lastimado\\\/\",\"name\":\"En Baeza exposici\u00f3n \u201cEl pecho del amor muy lastimado\u201d - Museo, Casa de espiritualidad y toda la informaci\u00f3n y escritos de - San Juan de la Cruz. \u00dabeda.\",\"isPartOf\":{\"@id\":\"https:\\\/\\\/www.sanjuandelacruzubeda.com\\\/en\\\/#website\"},\"datePublished\":\"2026-03-17T12:15:21+00:00\",\"dateModified\":\"2026-04-14T10:29:53+00:00\",\"breadcrumb\":{\"@id\":\"https:\\\/\\\/www.sanjuandelacruzubeda.com\\\/en\\\/events\\\/en-baeza-exposicion-el-pecho-del-amor-muy-lastimado\\\/#breadcrumb\"},\"inLanguage\":\"en-US\",\"potentialAction\":[{\"@type\":\"ReadAction\",\"target\":[\"https:\\\/\\\/www.sanjuandelacruzubeda.com\\\/en\\\/events\\\/en-baeza-exposicion-el-pecho-del-amor-muy-lastimado\\\/\"]}]},{\"@type\":\"BreadcrumbList\",\"@id\":\"https:\\\/\\\/www.sanjuandelacruzubeda.com\\\/en\\\/events\\\/en-baeza-exposicion-el-pecho-del-amor-muy-lastimado\\\/#breadcrumb\",\"itemListElement\":[{\"@type\":\"ListItem\",\"position\":1,\"name\":\"Inicio\",\"item\":\"https:\\\/\\\/www.sanjuandelacruzubeda.com\\\/en\\\/\"},{\"@type\":\"ListItem\",\"position\":2,\"name\":\"Events\",\"item\":\"https:\\\/\\\/www.sanjuandelacruzubeda.com\\\/en\\\/events\\\/\"},{\"@type\":\"ListItem\",\"position\":3,\"name\":\"En Baeza exposici\u00f3n \u201cEl pecho del amor muy lastimado\u201d\"}]},{\"@type\":\"WebSite\",\"@id\":\"https:\\\/\\\/www.sanjuandelacruzubeda.com\\\/en\\\/#website\",\"url\":\"https:\\\/\\\/www.sanjuandelacruzubeda.com\\\/en\\\/\",\"name\":\"Museo, Casa de espiritualidad y toda la informaci\u00f3n y escritos de - San Juan de la Cruz. \u00dabeda.\",\"description\":\"\",\"potentialAction\":[{\"@type\":\"SearchAction\",\"target\":{\"@type\":\"EntryPoint\",\"urlTemplate\":\"https:\\\/\\\/www.sanjuandelacruzubeda.com\\\/en\\\/?s={search_term_string}\"},\"query-input\":{\"@type\":\"PropertyValueSpecification\",\"valueRequired\":true,\"valueName\":\"search_term_string\"}}],\"inLanguage\":\"en-US\"}]}<\/script>\n<!-- \/ Yoast SEO plugin. -->","yoast_head_json":{"title":"En Baeza exposici\u00f3n \u201cEl pecho del amor muy lastimado\u201d - Museo, Casa de espiritualidad y toda la informaci\u00f3n y escritos de - San Juan de la Cruz. \u00dabeda.","robots":{"index":"index","follow":"follow","max-snippet":"max-snippet:-1","max-image-preview":"max-image-preview:large","max-video-preview":"max-video-preview:-1"},"canonical":"https:\/\/www.sanjuandelacruzubeda.com\/en\/events\/en-baeza-exposicion-el-pecho-del-amor-muy-lastimado\/","og_locale":"en_US","og_type":"article","og_title":"En Baeza exposici\u00f3n \u201cEl pecho del amor muy lastimado\u201d - Museo, Casa de espiritualidad y toda la informaci\u00f3n y escritos de - San Juan de la Cruz. \u00dabeda.","og_description":"\u201cEl pecho del amor muy lastimado: variaciones del dibujo del Crucificado de San Juan de la Cruz\u201d es una exposici\u00f3n compuesta por obras de los siguientes artistas: los pintores Santiago Yd\u00e1\u00f1ez, Paco Monta\u00f1\u00e9s, Jes\u00fas Zurita, Mar\u00eda \u00c1ngeles D\u00edaz Barbado, Pepa Salas Vilar, Piedad Lozano, Pedro Moreno Arias \u201cPeris\u201d, Bernardino S\u00e1nchez Bayo, Rafael Peralbo, Manuel Garc\u00eda [&hellip;]","og_url":"https:\/\/www.sanjuandelacruzubeda.com\/en\/events\/en-baeza-exposicion-el-pecho-del-amor-muy-lastimado\/","og_site_name":"Museo, Casa de espiritualidad y toda la informaci\u00f3n y escritos de - San Juan de la Cruz. \u00dabeda.","article_modified_time":"2026-04-14T10:29:53+00:00","twitter_card":"summary_large_image","twitter_misc":{"Est. reading time":"2 minutes"},"schema":{"@context":"https:\/\/schema.org","@graph":[{"@type":"WebPage","@id":"https:\/\/www.sanjuandelacruzubeda.com\/en\/events\/en-baeza-exposicion-el-pecho-del-amor-muy-lastimado\/","url":"https:\/\/www.sanjuandelacruzubeda.com\/en\/events\/en-baeza-exposicion-el-pecho-del-amor-muy-lastimado\/","name":"En Baeza exposici\u00f3n \u201cEl pecho del amor muy lastimado\u201d - Museo, Casa de espiritualidad y toda la informaci\u00f3n y escritos de - San Juan de la Cruz. \u00dabeda.","isPartOf":{"@id":"https:\/\/www.sanjuandelacruzubeda.com\/en\/#website"},"datePublished":"2026-03-17T12:15:21+00:00","dateModified":"2026-04-14T10:29:53+00:00","breadcrumb":{"@id":"https:\/\/www.sanjuandelacruzubeda.com\/en\/events\/en-baeza-exposicion-el-pecho-del-amor-muy-lastimado\/#breadcrumb"},"inLanguage":"en-US","potentialAction":[{"@type":"ReadAction","target":["https:\/\/www.sanjuandelacruzubeda.com\/en\/events\/en-baeza-exposicion-el-pecho-del-amor-muy-lastimado\/"]}]},{"@type":"BreadcrumbList","@id":"https:\/\/www.sanjuandelacruzubeda.com\/en\/events\/en-baeza-exposicion-el-pecho-del-amor-muy-lastimado\/#breadcrumb","itemListElement":[{"@type":"ListItem","position":1,"name":"Inicio","item":"https:\/\/www.sanjuandelacruzubeda.com\/en\/"},{"@type":"ListItem","position":2,"name":"Events","item":"https:\/\/www.sanjuandelacruzubeda.com\/en\/events\/"},{"@type":"ListItem","position":3,"name":"En Baeza exposici\u00f3n \u201cEl pecho del amor muy lastimado\u201d"}]},{"@type":"WebSite","@id":"https:\/\/www.sanjuandelacruzubeda.com\/en\/#website","url":"https:\/\/www.sanjuandelacruzubeda.com\/en\/","name":"Museo, Casa de espiritualidad y toda la informaci\u00f3n y escritos de - San Juan de la Cruz. \u00dabeda.","description":"","potentialAction":[{"@type":"SearchAction","target":{"@type":"EntryPoint","urlTemplate":"https:\/\/www.sanjuandelacruzubeda.com\/en\/?s={search_term_string}"},"query-input":{"@type":"PropertyValueSpecification","valueRequired":true,"valueName":"search_term_string"}}],"inLanguage":"en-US"}]}},"_links":{"self":[{"href":"https:\/\/www.sanjuandelacruzubeda.com\/en\/wp-json\/wp\/v2\/ajde_events\/10127","targetHints":{"allow":["GET"]}}],"collection":[{"href":"https:\/\/www.sanjuandelacruzubeda.com\/en\/wp-json\/wp\/v2\/ajde_events"}],"about":[{"href":"https:\/\/www.sanjuandelacruzubeda.com\/en\/wp-json\/wp\/v2\/types\/ajde_events"}],"author":[{"embeddable":true,"href":"https:\/\/www.sanjuandelacruzubeda.com\/en\/wp-json\/wp\/v2\/users\/2"}],"replies":[{"embeddable":true,"href":"https:\/\/www.sanjuandelacruzubeda.com\/en\/wp-json\/wp\/v2\/comments?post=10127"}],"wp:featuredmedia":[{"embeddable":true,"href":"https:\/\/www.sanjuandelacruzubeda.com\/en\/wp-json\/"}],"wp:attachment":[{"href":"https:\/\/www.sanjuandelacruzubeda.com\/en\/wp-json\/wp\/v2\/media?parent=10127"}],"wp:term":[{"taxonomy":"post_tag","embeddable":true,"href":"https:\/\/www.sanjuandelacruzubeda.com\/en\/wp-json\/wp\/v2\/tags?post=10127"},{"taxonomy":"event_type","embeddable":true,"href":"https:\/\/www.sanjuandelacruzubeda.com\/en\/wp-json\/wp\/v2\/event_type?post=10127"},{"taxonomy":"event_type_2","embeddable":true,"href":"https:\/\/www.sanjuandelacruzubeda.com\/en\/wp-json\/wp\/v2\/event_type_2?post=10127"}],"curies":[{"name":"wp","href":"https:\/\/api.w.org\/{rel}","templated":true}]}}