{"id":10024,"date":"2026-01-15T12:35:43","date_gmt":"2026-01-15T11:35:43","guid":{"rendered":"https:\/\/www.sanjuandelacruzubeda.com\/?post_type=ajde_events&#038;p=10024"},"modified":"2026-01-25T20:02:49","modified_gmt":"2026-01-25T19:02:49","slug":"exposicion-belleza-y-espiritualidad","status":"publish","type":"ajde_events","link":"https:\/\/www.sanjuandelacruzubeda.com\/en\/events\/exposicion-belleza-y-espiritualidad\/","title":{"rendered":"Exposici\u00f3n \u201cBelleza y espiritualidad\u201d"},"content":{"rendered":"<p>Inauguraci\u00f3n de esta exposici\u00f3n monogr\u00e1fica de la magn\u00edfica pintora Mar\u00eda Teresa Pe\u00f1a Echeveste (1935-2002), que se prolongar\u00e1 hasta el 2 de noviembre<\/p>\n<p>Comisario de la exposici\u00f3n: Javier Garc\u00eda-Luengo Manchado, doctor en Historia del Arte y Profesor de la Universidad Rey Juan Carlos y de la Universidad Internacional de Valencia<\/p>\n<p>Jueves d\u00eda 24 de septiembre a las 20 horas<br \/>\nSala Pintor Juan Esteban<br \/>\nHospital de Santiago (\u00dabeda)<\/p>\n","protected":false},"author":2,"featured_media":-1,"menu_order":0,"comment_status":"closed","ping_status":"closed","template":"","meta":{"_acf_changed":false,"_et_pb_use_builder":"","_et_pb_old_content":"","_et_gb_content_width":""},"tags":[],"event_type":[80],"event_type_2":[75],"class_list":["post-10024","ajde_events","type-ajde_events","status-publish","has-post-thumbnail","hentry","event_location-hospital-de-santiago","event_type-ano-jubilar","event_type_2-insulas-extranas"],"acf":[],"yoast_head":"<!-- This site is optimized with the Yoast SEO plugin v27.5 - https:\/\/yoast.com\/product\/yoast-seo-wordpress\/ -->\n<title>Exposici\u00f3n \u201cBelleza y espiritualidad\u201d - Museo, Casa de espiritualidad y toda la informaci\u00f3n y escritos de - San Juan de la Cruz. \u00dabeda.<\/title>\n<meta name=\"robots\" content=\"index, follow, max-snippet:-1, max-image-preview:large, max-video-preview:-1\" \/>\n<link rel=\"canonical\" href=\"https:\/\/www.sanjuandelacruzubeda.com\/en\/events\/exposicion-belleza-y-espiritualidad\/\" \/>\n<meta property=\"og:locale\" content=\"en_US\" \/>\n<meta property=\"og:type\" content=\"article\" \/>\n<meta property=\"og:title\" content=\"Exposici\u00f3n \u201cBelleza y espiritualidad\u201d - Museo, Casa de espiritualidad y toda la informaci\u00f3n y escritos de - San Juan de la Cruz. \u00dabeda.\" \/>\n<meta property=\"og:description\" content=\"Inauguraci\u00f3n de esta exposici\u00f3n monogr\u00e1fica de la magn\u00edfica pintora Mar\u00eda Teresa Pe\u00f1a Echeveste (1935-2002), que se prolongar\u00e1 hasta el 2 de noviembre Comisario de la exposici\u00f3n: Javier Garc\u00eda-Luengo Manchado, doctor en Historia del Arte y Profesor de la Universidad Rey Juan Carlos y de la Universidad Internacional de Valencia Jueves d\u00eda 24 de septiembre a [&hellip;]\" \/>\n<meta property=\"og:url\" content=\"https:\/\/www.sanjuandelacruzubeda.com\/en\/events\/exposicion-belleza-y-espiritualidad\/\" \/>\n<meta property=\"og:site_name\" content=\"Museo, Casa de espiritualidad y toda la informaci\u00f3n y escritos de - San Juan de la Cruz. \u00dabeda.\" \/>\n<meta property=\"article:modified_time\" content=\"2026-01-25T19:02:49+00:00\" \/>\n<meta name=\"twitter:card\" content=\"summary_large_image\" \/>\n<meta name=\"twitter:label1\" content=\"Est. reading time\" \/>\n\t<meta name=\"twitter:data1\" content=\"1 minute\" \/>\n<script type=\"application\/ld+json\" class=\"yoast-schema-graph\">{\"@context\":\"https:\\\/\\\/schema.org\",\"@graph\":[{\"@type\":\"WebPage\",\"@id\":\"https:\\\/\\\/www.sanjuandelacruzubeda.com\\\/en\\\/events\\\/exposicion-belleza-y-espiritualidad\\\/\",\"url\":\"https:\\\/\\\/www.sanjuandelacruzubeda.com\\\/en\\\/events\\\/exposicion-belleza-y-espiritualidad\\\/\",\"name\":\"Exposici\u00f3n \u201cBelleza y espiritualidad\u201d - Museo, Casa de espiritualidad y toda la informaci\u00f3n y escritos de - San Juan de la Cruz. \u00dabeda.\",\"isPartOf\":{\"@id\":\"https:\\\/\\\/www.sanjuandelacruzubeda.com\\\/en\\\/#website\"},\"datePublished\":\"2026-01-15T11:35:43+00:00\",\"dateModified\":\"2026-01-25T19:02:49+00:00\",\"breadcrumb\":{\"@id\":\"https:\\\/\\\/www.sanjuandelacruzubeda.com\\\/en\\\/events\\\/exposicion-belleza-y-espiritualidad\\\/#breadcrumb\"},\"inLanguage\":\"en-US\",\"potentialAction\":[{\"@type\":\"ReadAction\",\"target\":[\"https:\\\/\\\/www.sanjuandelacruzubeda.com\\\/en\\\/events\\\/exposicion-belleza-y-espiritualidad\\\/\"]}]},{\"@type\":\"BreadcrumbList\",\"@id\":\"https:\\\/\\\/www.sanjuandelacruzubeda.com\\\/en\\\/events\\\/exposicion-belleza-y-espiritualidad\\\/#breadcrumb\",\"itemListElement\":[{\"@type\":\"ListItem\",\"position\":1,\"name\":\"Inicio\",\"item\":\"https:\\\/\\\/www.sanjuandelacruzubeda.com\\\/en\\\/\"},{\"@type\":\"ListItem\",\"position\":2,\"name\":\"Events\",\"item\":\"https:\\\/\\\/www.sanjuandelacruzubeda.com\\\/en\\\/events\\\/\"},{\"@type\":\"ListItem\",\"position\":3,\"name\":\"Exposici\u00f3n \u201cBelleza y espiritualidad\u201d\"}]},{\"@type\":\"WebSite\",\"@id\":\"https:\\\/\\\/www.sanjuandelacruzubeda.com\\\/en\\\/#website\",\"url\":\"https:\\\/\\\/www.sanjuandelacruzubeda.com\\\/en\\\/\",\"name\":\"Museo, Casa de espiritualidad y toda la informaci\u00f3n y escritos de - San Juan de la Cruz. \u00dabeda.\",\"description\":\"\",\"potentialAction\":[{\"@type\":\"SearchAction\",\"target\":{\"@type\":\"EntryPoint\",\"urlTemplate\":\"https:\\\/\\\/www.sanjuandelacruzubeda.com\\\/en\\\/?s={search_term_string}\"},\"query-input\":{\"@type\":\"PropertyValueSpecification\",\"valueRequired\":true,\"valueName\":\"search_term_string\"}}],\"inLanguage\":\"en-US\"}]}<\/script>\n<!-- \/ Yoast SEO plugin. -->","yoast_head_json":{"title":"Exposici\u00f3n \u201cBelleza y espiritualidad\u201d - Museo, Casa de espiritualidad y toda la informaci\u00f3n y escritos de - San Juan de la Cruz. \u00dabeda.","robots":{"index":"index","follow":"follow","max-snippet":"max-snippet:-1","max-image-preview":"max-image-preview:large","max-video-preview":"max-video-preview:-1"},"canonical":"https:\/\/www.sanjuandelacruzubeda.com\/en\/events\/exposicion-belleza-y-espiritualidad\/","og_locale":"en_US","og_type":"article","og_title":"Exposici\u00f3n \u201cBelleza y espiritualidad\u201d - Museo, Casa de espiritualidad y toda la informaci\u00f3n y escritos de - San Juan de la Cruz. \u00dabeda.","og_description":"Inauguraci\u00f3n de esta exposici\u00f3n monogr\u00e1fica de la magn\u00edfica pintora Mar\u00eda Teresa Pe\u00f1a Echeveste (1935-2002), que se prolongar\u00e1 hasta el 2 de noviembre Comisario de la exposici\u00f3n: Javier Garc\u00eda-Luengo Manchado, doctor en Historia del Arte y Profesor de la Universidad Rey Juan Carlos y de la Universidad Internacional de Valencia Jueves d\u00eda 24 de septiembre a [&hellip;]","og_url":"https:\/\/www.sanjuandelacruzubeda.com\/en\/events\/exposicion-belleza-y-espiritualidad\/","og_site_name":"Museo, Casa de espiritualidad y toda la informaci\u00f3n y escritos de - San Juan de la Cruz. \u00dabeda.","article_modified_time":"2026-01-25T19:02:49+00:00","twitter_card":"summary_large_image","twitter_misc":{"Est. reading time":"1 minute"},"schema":{"@context":"https:\/\/schema.org","@graph":[{"@type":"WebPage","@id":"https:\/\/www.sanjuandelacruzubeda.com\/en\/events\/exposicion-belleza-y-espiritualidad\/","url":"https:\/\/www.sanjuandelacruzubeda.com\/en\/events\/exposicion-belleza-y-espiritualidad\/","name":"Exposici\u00f3n \u201cBelleza y espiritualidad\u201d - Museo, Casa de espiritualidad y toda la informaci\u00f3n y escritos de - San Juan de la Cruz. \u00dabeda.","isPartOf":{"@id":"https:\/\/www.sanjuandelacruzubeda.com\/en\/#website"},"datePublished":"2026-01-15T11:35:43+00:00","dateModified":"2026-01-25T19:02:49+00:00","breadcrumb":{"@id":"https:\/\/www.sanjuandelacruzubeda.com\/en\/events\/exposicion-belleza-y-espiritualidad\/#breadcrumb"},"inLanguage":"en-US","potentialAction":[{"@type":"ReadAction","target":["https:\/\/www.sanjuandelacruzubeda.com\/en\/events\/exposicion-belleza-y-espiritualidad\/"]}]},{"@type":"BreadcrumbList","@id":"https:\/\/www.sanjuandelacruzubeda.com\/en\/events\/exposicion-belleza-y-espiritualidad\/#breadcrumb","itemListElement":[{"@type":"ListItem","position":1,"name":"Inicio","item":"https:\/\/www.sanjuandelacruzubeda.com\/en\/"},{"@type":"ListItem","position":2,"name":"Events","item":"https:\/\/www.sanjuandelacruzubeda.com\/en\/events\/"},{"@type":"ListItem","position":3,"name":"Exposici\u00f3n \u201cBelleza y espiritualidad\u201d"}]},{"@type":"WebSite","@id":"https:\/\/www.sanjuandelacruzubeda.com\/en\/#website","url":"https:\/\/www.sanjuandelacruzubeda.com\/en\/","name":"Museo, Casa de espiritualidad y toda la informaci\u00f3n y escritos de - San Juan de la Cruz. \u00dabeda.","description":"","potentialAction":[{"@type":"SearchAction","target":{"@type":"EntryPoint","urlTemplate":"https:\/\/www.sanjuandelacruzubeda.com\/en\/?s={search_term_string}"},"query-input":{"@type":"PropertyValueSpecification","valueRequired":true,"valueName":"search_term_string"}}],"inLanguage":"en-US"}]}},"_links":{"self":[{"href":"https:\/\/www.sanjuandelacruzubeda.com\/en\/wp-json\/wp\/v2\/ajde_events\/10024","targetHints":{"allow":["GET"]}}],"collection":[{"href":"https:\/\/www.sanjuandelacruzubeda.com\/en\/wp-json\/wp\/v2\/ajde_events"}],"about":[{"href":"https:\/\/www.sanjuandelacruzubeda.com\/en\/wp-json\/wp\/v2\/types\/ajde_events"}],"author":[{"embeddable":true,"href":"https:\/\/www.sanjuandelacruzubeda.com\/en\/wp-json\/wp\/v2\/users\/2"}],"replies":[{"embeddable":true,"href":"https:\/\/www.sanjuandelacruzubeda.com\/en\/wp-json\/wp\/v2\/comments?post=10024"}],"wp:featuredmedia":[{"embeddable":true,"href":"https:\/\/www.sanjuandelacruzubeda.com\/en\/wp-json\/"}],"wp:attachment":[{"href":"https:\/\/www.sanjuandelacruzubeda.com\/en\/wp-json\/wp\/v2\/media?parent=10024"}],"wp:term":[{"taxonomy":"post_tag","embeddable":true,"href":"https:\/\/www.sanjuandelacruzubeda.com\/en\/wp-json\/wp\/v2\/tags?post=10024"},{"taxonomy":"event_type","embeddable":true,"href":"https:\/\/www.sanjuandelacruzubeda.com\/en\/wp-json\/wp\/v2\/event_type?post=10024"},{"taxonomy":"event_type_2","embeddable":true,"href":"https:\/\/www.sanjuandelacruzubeda.com\/en\/wp-json\/wp\/v2\/event_type_2?post=10024"}],"curies":[{"name":"wp","href":"https:\/\/api.w.org\/{rel}","templated":true}]}}