{"version":"1.0","provider_name":"Museo, Casa de espiritualidad y toda la informaci\u00f3n y escritos de - San Juan de la Cruz. \u00dabeda.","provider_url":"https:\/\/www.sanjuandelacruzubeda.com\/en\/","author_name":"San Juan de la Cruz","author_url":"https:\/\/www.sanjuandelacruzubeda.com\/en\/author\/sjadmin\/","title":"Clausura A\u00f1o Jubilar Sanjuanista - Museo, Casa de espiritualidad y toda la informaci\u00f3n y escritos de - San Juan de la Cruz. \u00dabeda.","type":"rich","width":600,"height":338,"html":"<blockquote class=\"wp-embedded-content\" data-secret=\"QDJIU8nGNo\"><a href=\"https:\/\/www.sanjuandelacruzubeda.com\/en\/events\/clausura-ano-jubilar-sanjuanista\/\">Clausura A\u00f1o Jubilar Sanjuanista<\/a><\/blockquote><iframe sandbox=\"allow-scripts\" security=\"restricted\" src=\"https:\/\/www.sanjuandelacruzubeda.com\/en\/events\/clausura-ano-jubilar-sanjuanista\/embed\/#?secret=QDJIU8nGNo\" width=\"600\" height=\"338\" title=\"&#8220;Clausura A\u00f1o Jubilar Sanjuanista&#8221; &#8212; Museo, Casa de espiritualidad y toda la informaci\u00f3n y escritos de - San Juan de la Cruz. \u00dabeda.\" data-secret=\"QDJIU8nGNo\" frameborder=\"0\" marginwidth=\"0\" marginheight=\"0\" scrolling=\"no\" class=\"wp-embedded-content\"><\/iframe><script type=\"text\/javascript\">\n\/* <![CDATA[ *\/\n\/*! This file is auto-generated *\/\n!function(d,l){\"use strict\";l.querySelector&&d.addEventListener&&\"undefined\"!=typeof URL&&(d.wp=d.wp||{},d.wp.receiveEmbedMessage||(d.wp.receiveEmbedMessage=function(e){var t=e.data;if((t||t.secret||t.message||t.value)&&!\/[^a-zA-Z0-9]\/.test(t.secret)){for(var s,r,n,a=l.querySelectorAll('iframe[data-secret=\"'+t.secret+'\"]'),o=l.querySelectorAll('blockquote[data-secret=\"'+t.secret+'\"]'),c=new RegExp(\"^https?:$\",\"i\"),i=0;i<o.length;i++)o[i].style.display=\"none\";for(i=0;i<a.length;i++)s=a[i],e.source===s.contentWindow&&(s.removeAttribute(\"style\"),\"height\"===t.message?(1e3<(r=parseInt(t.value,10))?r=1e3:~~r<200&&(r=200),s.height=r):\"link\"===t.message&&(r=new URL(s.getAttribute(\"src\")),n=new URL(t.value),c.test(n.protocol))&&n.host===r.host&&l.activeElement===s&&(d.top.location.href=t.value))}},d.addEventListener(\"message\",d.wp.receiveEmbedMessage,!1),l.addEventListener(\"DOMContentLoaded\",function(){for(var e,t,s=l.querySelectorAll(\"iframe.wp-embedded-content\"),r=0;r<s.length;r++)(t=(e=s[r]).getAttribute(\"data-secret\"))||(t=Math.random().toString(36).substring(2,12),e.src+=\"#?secret=\"+t,e.setAttribute(\"data-secret\",t)),e.contentWindow.postMessage({message:\"ready\",secret:t},\"*\")},!1)))}(window,document);\n\/\/# sourceURL=https:\/\/www.sanjuandelacruzubeda.com\/wp-includes\/js\/wp-embed.min.js\n\/* ]]> *\/\n<\/script>\n","thumbnail_url":"https:\/\/www.sanjuandelacruzubeda.com\/wp-content\/uploads\/2025\/11\/WhatsApp-Image-2025-11-19-at-21.47.19.jpeg","thumbnail_width":1029,"thumbnail_height":1600,"description":"Se concretar\u00e1 m\u00e1s adelante en qu\u00e9 consistir\u00e1n las actividades y la solemne Eucarist\u00eda de clausura de este A\u00f1o Jubilar con motivo del III Centenario de la Canonizaci\u00f3n de San Juan de la Cruz y del I Centenario de su proclamaci\u00f3n como Doctor de la Iglesia"}